{"id":20724,"date":"2023-04-12T10:51:56","date_gmt":"2023-04-12T08:51:56","guid":{"rendered":"https:\/\/www.templars-route.eu\/?page_id=20724"},"modified":"2025-06-02T15:49:01","modified_gmt":"2025-06-02T13:49:01","slug":"festival-internazionale-dei-templari","status":"publish","type":"page","link":"https:\/\/www.templars-route.eu\/fr\/festival-internazionale-dei-templari\/","title":{"rendered":"Festival Internazionale dei Templari"},"content":{"rendered":"<div class=\"wpb-content-wrapper\"><p>[vc_row css_animation=\u00a0\u00bb\u00a0\u00bb row_type=\u00a0\u00bbrow\u00a0\u00bb use_row_as_full_screen_section=\u00a0\u00bbno\u00a0\u00bb type=\u00a0\u00bbfull_width\u00a0\u00bb angled_section=\u00a0\u00bbno\u00a0\u00bb text_align=\u00a0\u00bbleft\u00a0\u00bb background_image_as_pattern=\u00a0\u00bbwithout_pattern\u00a0\u00bb][vc_column width=\u00a0\u00bb1\/2&Prime;][vc_single_image image=\u00a0\u00bb20742&Prime; img_size=\u00a0\u00bblarge\u00a0\u00bb qode_css_animation=\u00a0\u00bb\u00a0\u00bb][\/vc_column][vc_column width=\u00a0\u00bb1\/2&Prime;][vc_empty_space height=\u00a0\u00bb20px\u00a0\u00bb][vc_column_text css=\u00a0\u00bb\u00a0\u00bb]Le Festival internazionale dei Templari est organis\u00e9 chaque ann\u00e9e depuis 2021 \u00e0 Alessandria dans le Pi\u00e9mont. Il est soutenu par Simonetta Cerrini, historienne reconnue de l\u2019ordre du Temple, et par Gian Piero Alloisio, auteur-compositeur et dramaturge. Ce festival est produit par l\u2019association ATID, avec la participation active de la Municipalit\u00e9 d\u2019Alessandria, Alexala, la Fondation Cassa di Risparmio di Alessandria et CulturAle \u2013 ASM Building Together. Le Festival est patronn\u00e9 par l&rsquo;Universit\u00e0 del Piemonte Orientale.<\/p>\n<p>Ce festival r\u00e9unit durant quatre jours des historiens et des artistes se r\u00e9unissent pour des conf\u00e9rences et des spectacles visant \u00e0 raconter \u00e0 un large public l&rsquo;histoire de l\u2019ordre du Temple.[\/vc_column_text][vc_empty_space][\/vc_column][\/vc_row][vc_row css_animation=\u00a0\u00bb\u00a0\u00bb row_type=\u00a0\u00bbrow\u00a0\u00bb use_row_as_full_screen_section=\u00a0\u00bbno\u00a0\u00bb type=\u00a0\u00bbfull_width\u00a0\u00bb angled_section=\u00a0\u00bbno\u00a0\u00bb text_align=\u00a0\u00bbleft\u00a0\u00bb background_image_as_pattern=\u00a0\u00bbwithout_pattern\u00a0\u00bb][vc_column][vc_separator type=\u00a0\u00bbnormal\u00a0\u00bb][\/vc_column][\/vc_row][vc_row css_animation=\u00a0\u00bb\u00a0\u00bb row_type=\u00a0\u00bbrow\u00a0\u00bb use_row_as_full_screen_section=\u00a0\u00bbno\u00a0\u00bb type=\u00a0\u00bbfull_width\u00a0\u00bb angled_section=\u00a0\u00bbno\u00a0\u00bb text_align=\u00a0\u00bbleft\u00a0\u00bb background_image_as_pattern=\u00a0\u00bbwithout_pattern\u00a0\u00bb][vc_column width=\u00a0\u00bb1\/2&Prime;][vc_empty_space][vc_column_text]<\/p>\n<h2>Coordonn\u00e9es<\/h2>\n<p>&nbsp;<\/p>\n<p>Santa Maria di Castello<\/p>\n<p>Piazza Santa Maria di Castello, 15121 Alessandria[\/vc_column_text][vc_empty_space]<span class='q_social_icon_holder circle_social' data-color=#ffffff data-hover-background-color=#ffffff data-hover-color=#1e73be><a itemprop='url' href='https:\/\/www.facebook.com\/festivaldeitemplari\/' target='_self'><span class='fa-stack fa-lg' style='background-color: #1e73be;'><i class=\"qode_icon_font_awesome fa fa-facebook \" style=\"color: #ffffff;\" ><\/i><\/span><\/a><\/span><span class='q_social_icon_holder circle_social' data-color=#ffffff data-hover-background-color=#ffffff data-hover-color=#e52b8e><a itemprop='url' href='https:\/\/www.instagram.com\/festivaldeitemplari\/?hl=fr' target='_self'><span class='fa-stack fa-lg' style='background-color: #e52b8e;'><i class=\"qode_icon_font_awesome fa fa-instagram \" style=\"color: #ffffff;\" ><\/i><\/span><\/a><\/span><span class='q_social_icon_holder circle_social' data-color=#ffffff data-hover-background-color=#ffffff data-hover-color=#f2c037><a itemprop='url' href='mailto:festivaldeitemplari@gmail.com' target='_self'><span class='fa-stack fa-lg' style='background-color: #f2c037;'><i class=\"qode_icon_font_awesome fa fa-envelope \" style=\"color: #ffffff;\" ><\/i><\/span><\/a><\/span>[\/vc_column][vc_column width=\u00a0\u00bb1\/2&Prime;][vc_empty_space]<div id='wrap_map_69f1bedca666b' class='ultimate-map-wrapper ult-adjust-bottom-margin ' style=' height:300px;'><div id='map_69f1bedca666b' data-map_override='0' class='ultimate_google_map wpb_content_element 0' style='width:100%;height:300px;'><\/div><\/div><script type='text\/javascript'>\n\t\t\t(function($) {\n  \t\t\t'use strict';\n\t\t\tvar map_map_69f1bedca666b = null;\n\t\t\tvar coordinate_map_69f1bedca666b;\n\t\t\tvar isDraggable = $(document).width() > 641 ? 'true' : 'true';\n\t\t\ttry\n\t\t\t{\n\t\t\t\tvar map_map_69f1bedca666b = null;\n\t\t\t\tvar coordinate_map_69f1bedca666b;\n\t\t\t\tcoordinate_map_69f1bedca666b = new google.maps.LatLng(44.917951617004, 8.6150956694657);\n\t\t\t\tvar mapOptions=\n\t\t\t\t{\n\t\t\t\t\tzoom: 12,\n\t\t\t\t\tcenter: coordinate_map_69f1bedca666b,\n\t\t\t\t\tscaleControl: true,\n\t\t\t\t\tstreetViewControl: false,\n\t\t\t\t\tmapTypeControl: false,\n\t\t\t\t\tpanControl: false,\n\t\t\t\t\tzoomControl: false,\n\t\t\t\t\tscrollwheel: true,\n\t\t\t\t\tdraggable: isDraggable,\n\t\t\t\t\tzoomControlOptions: {\n\t\t\t\t\t\tposition: google.maps.ControlPosition.right_bottom\n\t\t\t\t\t},mapTypeId: google.maps.MapTypeId.roadmap,};var map_map_69f1bedca666b = new google.maps.Map(document.getElementById('map_69f1bedca666b'),mapOptions);\n\t\t\t\t\t\tvar x = 'infowindow_open_value';\n\t\t\t\t\t\tvar marker_map_69f1bedca666b = new google.maps.Marker({\n\t\t\t\t\t\tposition: new google.maps.LatLng('44.917951617004', '8.6150956694657'),\n\t\t\t\t\t\tanimation:  google.maps.Animation.DROP,\n\t\t\t\t\t\tmap: map_map_69f1bedca666b,\n\t\t\t\t\t\ticon: ''\n\t\t\t\t\t});\tgoogle.maps.event.addListener(marker_map_69f1bedca666b, 'click', toggleBounce);}\n\t\t\tcatch(e){};\n\t\t\tjQuery(document).ready(function($){\n\t\t\t\tgoogle.maps.event.trigger(map_map_69f1bedca666b, 'resize');\n\t\t\t\t$(window).on('resize', function(){\n\t\t\t\t\tgoogle.maps.event.trigger(map_map_69f1bedca666b, 'resize');\n\t\t\t\t\tif(map_map_69f1bedca666b!=null)\n\t\t\t\t\t\tmap_map_69f1bedca666b.setCenter(coordinate_map_69f1bedca666b);\n\t\t\t\t});\n\t\t\t\t$('.ui-tabs').on('tabsactivate', function(event, ui) {\n\t\t\t\t   if($(this).find('.ultimate-map-wrapper').length > 0)\n\t\t\t\t\t{\n\t\t\t\t\t\tsetTimeout(function(){\n\t\t\t\t\t\t\t$(window).trigger('resize');\n\t\t\t\t\t\t},200);\n\t\t\t\t\t}\n\t\t\t\t});\n\t\t\t\t$('.ui-accordion').on('accordionactivate', function(event, ui) {\n\t\t\t\t   if($(this).find('.ultimate-map-wrapper').length > 0)\n\t\t\t\t\t{\n\t\t\t\t\t\tsetTimeout(function(){\n\t\t\t\t\t\t\t$(window).trigger('resize');\n\t\t\t\t\t\t},200);\n\t\t\t\t\t}\n\t\t\t\t});\n\t\t\t\t$(window).on('load',function(){\n\t\t\t\t\tsetTimeout(function(){\n\t\t\t\t\t\t$(window).trigger('resize');\n\t\t\t\t\t},200);\n\t\t\t\t});\n\t\t\t\t$('.ult_exp_section').on('select', function(){\n\t\t\t\t\tif($(map_map_69f1bedca666b).parents('.ult_exp_section'))\n\t\t\t\t\t{\n\t\t\t\t\t\tsetTimeout(function(){\n\t\t\t\t\t\t\t$(window).trigger('resize');\n\t\t\t\t\t\t},200);\n\t\t\t\t\t}\n\t\t\t\t});\n\t\t\t\t$(document).on('onUVCModalPopupOpen', function(){\n\t\t\t\t\tif($(map_map_69f1bedca666b).parents('.ult_modal-content'))\n\t\t\t\t\t{\n\t\t\t\t\t\tsetTimeout(function(){\n\t\t\t\t\t\t\t$(window).trigger('resize');\n\t\t\t\t\t\t},200);\n\t\t\t\t\t}\n\t\t\t\t});\n\t\t\t\t$(document).on('click','.ult_tab_li',function(){\n\t\t\t\t\t$(window).trigger('resize');\n\t\t\t\t\tsetTimeout(function(){\n\t\t\t\t\t\t$(window).trigger('resize');\n\t\t\t\t\t},200);\n\t\t\t\t});\n\t\t\t});\n\t\t\tfunction toggleBounce() {\n\t\t\t  if (marker_map_69f1bedca666b.getAnimation() != null) {\n\t\t\t\tmarker_map_69f1bedca666b.setAnimation(null);\n\t\t\t  } else {\n\t\t\t\tmarker_map_69f1bedca666b.setAnimation(google.maps.Animation.BOUNCE);\n\t\t\t  }\n\t\t\t}\n\t\t\t})(jQuery);\n\t\t\t<\/script>[\/vc_column][\/vc_row]<\/p>\n<\/div>","protected":false},"excerpt":{"rendered":"<p>[vc_row css_animation=\u00a0\u00bb\u00a0\u00bb row_type=\u00a0\u00bbrow\u00a0\u00bb use_row_as_full_screen_section=\u00a0\u00bbno\u00a0\u00bb type=\u00a0\u00bbfull_width\u00a0\u00bb angled_section=\u00a0\u00bbno\u00a0\u00bb text_align=\u00a0\u00bbleft\u00a0\u00bb background_image_as_pattern=\u00a0\u00bbwithout_pattern\u00a0\u00bb][vc_column width=\u00a0\u00bb1\/2&Prime;][vc_single_image image=\u00a0\u00bb20742&Prime; img_size=\u00a0\u00bblarge\u00a0\u00bb qode_css_animation=\u00a0\u00bb\u00a0\u00bb][\/vc_column][vc_column width=\u00a0\u00bb1\/2&Prime;][vc_empty_space height=\u00a0\u00bb20px\u00a0\u00bb][vc_column_text css=\u00a0\u00bb\u00a0\u00bb]Le Festival internazionale dei Templari est organis\u00e9 chaque ann\u00e9e depuis 2021 \u00e0 Alessandria dans le Pi\u00e9mont. Il est soutenu par Simonetta Cerrini, historienne reconnue de l\u2019ordre du Temple, et par Gian&#8230;<\/p>\n","protected":false},"author":95,"featured_media":0,"parent":0,"menu_order":0,"comment_status":"closed","ping_status":"closed","template":"","meta":{"footnotes":""},"class_list":["post-20724","page","type-page","status-publish","hentry"],"yoast_head":"<!-- This site is optimized with the Yoast SEO plugin v26.6 - https:\/\/yoast.com\/wordpress\/plugins\/seo\/ -->\n<title>Festival Internazionale dei Templari - Route du patrimoine templier - Templars Route European Federation (TREF)<\/title>\n<meta name=\"robots\" content=\"index, follow, max-snippet:-1, max-image-preview:large, max-video-preview:-1\" \/>\n<link rel=\"canonical\" href=\"https:\/\/www.templars-route.eu\/fr\/festival-internazionale-dei-templari\/\" \/>\n<meta property=\"og:locale\" content=\"fr_FR\" \/>\n<meta property=\"og:type\" content=\"article\" \/>\n<meta property=\"og:title\" content=\"Festival Internazionale dei Templari - Route du patrimoine templier - Templars Route European Federation (TREF)\" \/>\n<meta property=\"og:description\" content=\"[vc_row css_animation=\u00a0\u00bb\u00a0\u00bb row_type=\u00a0\u00bbrow\u00a0\u00bb use_row_as_full_screen_section=\u00a0\u00bbno\u00a0\u00bb type=\u00a0\u00bbfull_width\u00a0\u00bb angled_section=\u00a0\u00bbno\u00a0\u00bb text_align=\u00a0\u00bbleft\u00a0\u00bb background_image_as_pattern=\u00a0\u00bbwithout_pattern\u00a0\u00bb][vc_column width=\u00a0\u00bb1\/2&Prime;][vc_single_image image=\u00a0\u00bb20742&Prime; img_size=\u00a0\u00bblarge\u00a0\u00bb qode_css_animation=\u00a0\u00bb\u00a0\u00bb][\/vc_column][vc_column width=\u00a0\u00bb1\/2&Prime;][vc_empty_space height=\u00a0\u00bb20px\u00a0\u00bb][vc_column_text css=\u00a0\u00bb\u00a0\u00bb]Le Festival internazionale dei Templari est organis\u00e9 chaque ann\u00e9e depuis 2021 \u00e0 Alessandria dans le Pi\u00e9mont. Il est soutenu par Simonetta Cerrini, historienne reconnue de l\u2019ordre du Temple, et par Gian...\" \/>\n<meta property=\"og:url\" content=\"https:\/\/www.templars-route.eu\/fr\/festival-internazionale-dei-templari\/\" \/>\n<meta property=\"og:site_name\" content=\"Route du patrimoine templier - Templars Route European Federation (TREF)\" \/>\n<meta property=\"article:modified_time\" content=\"2025-06-02T13:49:01+00:00\" \/>\n<meta name=\"twitter:card\" content=\"summary_large_image\" \/>\n<meta name=\"twitter:label1\" content=\"Dur\u00e9e de lecture estim\u00e9e\" \/>\n\t<meta name=\"twitter:data1\" content=\"2 minutes\" \/>\n<script type=\"application\/ld+json\" class=\"yoast-schema-graph\">{\"@context\":\"https:\/\/schema.org\",\"@graph\":[{\"@type\":\"WebPage\",\"@id\":\"https:\/\/www.templars-route.eu\/fr\/festival-internazionale-dei-templari\/\",\"url\":\"https:\/\/www.templars-route.eu\/fr\/festival-internazionale-dei-templari\/\",\"name\":\"Festival Internazionale dei Templari - Route du patrimoine templier - Templars Route European Federation (TREF)\",\"isPartOf\":{\"@id\":\"https:\/\/www.templars-route.eu\/fr\/#website\"},\"datePublished\":\"2023-04-12T08:51:56+00:00\",\"dateModified\":\"2025-06-02T13:49:01+00:00\",\"breadcrumb\":{\"@id\":\"https:\/\/www.templars-route.eu\/fr\/festival-internazionale-dei-templari\/#breadcrumb\"},\"inLanguage\":\"fr-FR\",\"potentialAction\":[{\"@type\":\"ReadAction\",\"target\":[\"https:\/\/www.templars-route.eu\/fr\/festival-internazionale-dei-templari\/\"]}]},{\"@type\":\"BreadcrumbList\",\"@id\":\"https:\/\/www.templars-route.eu\/fr\/festival-internazionale-dei-templari\/#breadcrumb\",\"itemListElement\":[{\"@type\":\"ListItem\",\"position\":1,\"name\":\"Accueil\",\"item\":\"https:\/\/www.templars-route.eu\/fr\/\"},{\"@type\":\"ListItem\",\"position\":2,\"name\":\"Festival Internazionale dei Templari\"}]},{\"@type\":\"WebSite\",\"@id\":\"https:\/\/www.templars-route.eu\/fr\/#website\",\"url\":\"https:\/\/www.templars-route.eu\/fr\/\",\"name\":\"Route du patrimoine templier - Templars Route European Federation (TREF)\",\"description\":\"Valorisation of Templar heritage in Europe\",\"potentialAction\":[{\"@type\":\"SearchAction\",\"target\":{\"@type\":\"EntryPoint\",\"urlTemplate\":\"https:\/\/www.templars-route.eu\/fr\/?s={search_term_string}\"},\"query-input\":{\"@type\":\"PropertyValueSpecification\",\"valueRequired\":true,\"valueName\":\"search_term_string\"}}],\"inLanguage\":\"fr-FR\"}]}<\/script>\n<!-- \/ Yoast SEO plugin. -->","yoast_head_json":{"title":"Festival Internazionale dei Templari - Route du patrimoine templier - Templars Route European Federation (TREF)","robots":{"index":"index","follow":"follow","max-snippet":"max-snippet:-1","max-image-preview":"max-image-preview:large","max-video-preview":"max-video-preview:-1"},"canonical":"https:\/\/www.templars-route.eu\/fr\/festival-internazionale-dei-templari\/","og_locale":"fr_FR","og_type":"article","og_title":"Festival Internazionale dei Templari - Route du patrimoine templier - Templars Route European Federation (TREF)","og_description":"[vc_row css_animation=\u00a0\u00bb\u00a0\u00bb row_type=\u00a0\u00bbrow\u00a0\u00bb use_row_as_full_screen_section=\u00a0\u00bbno\u00a0\u00bb type=\u00a0\u00bbfull_width\u00a0\u00bb angled_section=\u00a0\u00bbno\u00a0\u00bb text_align=\u00a0\u00bbleft\u00a0\u00bb background_image_as_pattern=\u00a0\u00bbwithout_pattern\u00a0\u00bb][vc_column width=\u00a0\u00bb1\/2&Prime;][vc_single_image image=\u00a0\u00bb20742&Prime; img_size=\u00a0\u00bblarge\u00a0\u00bb qode_css_animation=\u00a0\u00bb\u00a0\u00bb][\/vc_column][vc_column width=\u00a0\u00bb1\/2&Prime;][vc_empty_space height=\u00a0\u00bb20px\u00a0\u00bb][vc_column_text css=\u00a0\u00bb\u00a0\u00bb]Le Festival internazionale dei Templari est organis\u00e9 chaque ann\u00e9e depuis 2021 \u00e0 Alessandria dans le Pi\u00e9mont. Il est soutenu par Simonetta Cerrini, historienne reconnue de l\u2019ordre du Temple, et par Gian...","og_url":"https:\/\/www.templars-route.eu\/fr\/festival-internazionale-dei-templari\/","og_site_name":"Route du patrimoine templier - Templars Route European Federation (TREF)","article_modified_time":"2025-06-02T13:49:01+00:00","twitter_card":"summary_large_image","twitter_misc":{"Dur\u00e9e de lecture estim\u00e9e":"2 minutes"},"schema":{"@context":"https:\/\/schema.org","@graph":[{"@type":"WebPage","@id":"https:\/\/www.templars-route.eu\/fr\/festival-internazionale-dei-templari\/","url":"https:\/\/www.templars-route.eu\/fr\/festival-internazionale-dei-templari\/","name":"Festival Internazionale dei Templari - Route du patrimoine templier - Templars Route European Federation (TREF)","isPartOf":{"@id":"https:\/\/www.templars-route.eu\/fr\/#website"},"datePublished":"2023-04-12T08:51:56+00:00","dateModified":"2025-06-02T13:49:01+00:00","breadcrumb":{"@id":"https:\/\/www.templars-route.eu\/fr\/festival-internazionale-dei-templari\/#breadcrumb"},"inLanguage":"fr-FR","potentialAction":[{"@type":"ReadAction","target":["https:\/\/www.templars-route.eu\/fr\/festival-internazionale-dei-templari\/"]}]},{"@type":"BreadcrumbList","@id":"https:\/\/www.templars-route.eu\/fr\/festival-internazionale-dei-templari\/#breadcrumb","itemListElement":[{"@type":"ListItem","position":1,"name":"Accueil","item":"https:\/\/www.templars-route.eu\/fr\/"},{"@type":"ListItem","position":2,"name":"Festival Internazionale dei Templari"}]},{"@type":"WebSite","@id":"https:\/\/www.templars-route.eu\/fr\/#website","url":"https:\/\/www.templars-route.eu\/fr\/","name":"Route du patrimoine templier - Templars Route European Federation (TREF)","description":"Valorisation of Templar heritage in Europe","potentialAction":[{"@type":"SearchAction","target":{"@type":"EntryPoint","urlTemplate":"https:\/\/www.templars-route.eu\/fr\/?s={search_term_string}"},"query-input":{"@type":"PropertyValueSpecification","valueRequired":true,"valueName":"search_term_string"}}],"inLanguage":"fr-FR"}]}},"_links":{"self":[{"href":"https:\/\/www.templars-route.eu\/fr\/wp-json\/wp\/v2\/pages\/20724\/"}],"collection":[{"href":"https:\/\/www.templars-route.eu\/fr\/wp-json\/wp\/v2\/pages\/"}],"about":[{"href":"https:\/\/www.templars-route.eu\/fr\/wp-json\/wp\/v2\/types\/page\/"}],"author":[{"embeddable":true,"href":"https:\/\/www.templars-route.eu\/fr\/wp-json\/wp\/v2\/users\/95\/"}],"replies":[{"embeddable":true,"href":"https:\/\/www.templars-route.eu\/fr\/wp-json\/wp\/v2\/comments\/?post=20724"}],"version-history":[{"count":5,"href":"https:\/\/www.templars-route.eu\/fr\/wp-json\/wp\/v2\/pages\/20724\/revisions\/"}],"predecessor-version":[{"id":22482,"href":"https:\/\/www.templars-route.eu\/fr\/wp-json\/wp\/v2\/pages\/20724\/revisions\/22482\/"}],"wp:attachment":[{"href":"https:\/\/www.templars-route.eu\/fr\/wp-json\/wp\/v2\/media\/?parent=20724"}],"curies":[{"name":"wp","href":"https:\/\/api.w.org\/{rel}","templated":true}]}}