{"id":18242,"date":"2020-12-03T11:39:34","date_gmt":"2020-12-03T10:39:34","guid":{"rendered":"https:\/\/www.templars-route.eu\/?page_id=18242"},"modified":"2023-04-18T16:31:44","modified_gmt":"2023-04-18T14:31:44","slug":"patrimoine-italie","status":"publish","type":"page","link":"https:\/\/www.templars-route.eu\/fr\/patrimoine-italie\/","title":{"rendered":"Le patrimoine templier en Italie"},"content":{"rendered":"\t\t<div data-elementor-type=\"wp-page\" data-elementor-id=\"18242\" class=\"elementor elementor-18242\">\n\t\t\t\t\t\t<section class=\"elementor-section elementor-top-section elementor-element elementor-element-b58d538 elementor-section-boxed elementor-section-height-default elementor-section-height-default\" data-id=\"b58d538\" data-element_type=\"section\" data-e-type=\"section\">\n\t\t\t\t\t\t<div class=\"elementor-container elementor-column-gap-default\">\n\t\t\t\t\t<div class=\"elementor-column elementor-col-50 elementor-top-column elementor-element elementor-element-640aa0b\" data-id=\"640aa0b\" data-element_type=\"column\" data-e-type=\"column\">\n\t\t\t<div class=\"elementor-widget-wrap elementor-element-populated\">\n\t\t\t\t\t\t<div class=\"elementor-element elementor-element-0e8ddbc elementor-widget elementor-widget-text-editor\" data-id=\"0e8ddbc\" data-element_type=\"widget\" data-e-type=\"widget\" data-widget_type=\"text-editor.default\">\n\t\t\t\t<div class=\"elementor-widget-container\">\n\t\t\t\t\t\t\t\t\t<p>Une des particularit\u00e9s de l&rsquo;Ordre du Temple, exp\u00e9rience religieuse d\u00e9j\u00e0 novatrice en combinant profession monastique et vocation militaire, est repr\u00e9sent\u00e9e par la pr\u00e9sence simultan\u00e9e sur les deux rives de la M\u00e9diterran\u00e9e de personnes ayant des objectifs diff\u00e9rents et compl\u00e9mentaires. En fait, si la partie de l&rsquo;Ordre la plus active sur les th\u00e9\u00e2tres de guerre s&rsquo;est d&rsquo;abord concentr\u00e9e sur le Moyen-Orient et a ensuite \u00e9tendu son action \u00e0 d&rsquo;autres sc\u00e9narios de guerre, les colonies occidentales avaient pour t\u00e2che principale de soutenir les campagnes militaires des Templiers en termes de financement et de recrutement. <br \/>Cette fonction est \u00e9vidente si l&rsquo;on consid\u00e8re la pr\u00e9sence de l&rsquo;Ordre dans la p\u00e9ninsule italienne et ses \u00eeles, carrefour strat\u00e9gique de la M\u00e9diterran\u00e9e entre le Sud et le Nord et entre l&rsquo;Est et l&rsquo;Ouest. Ce n&rsquo;est donc pas un hasard si les premi\u00e8res et les plus florissantes maisons du Temple en Italie \u00e9taient situ\u00e9es dans des lieux qui avaient d\u00e9j\u00e0 une longue tradition de relations commerciales et religieuses avec le Proche-Orient et dans des ports qui \u00e9taient une destination constante des p\u00e8lerins et des crois\u00e9s (par exemple G\u00eanes, Milan, Plaisance, Messine, Barletta, etc.). Il faut \u00e9galement noter que toute la p\u00e9ninsule \u00e9tait travers\u00e9e par des chemins menant \u00e0 l&rsquo;Est, pratiqu\u00e9s depuis l&rsquo;Antiquit\u00e9 et dont l&rsquo;exemple le plus connu reste la Via Francigena. Les maisons du Temple, pour lesquelles une liaison efficace avec l&rsquo;Orient \u00e9tait vitale, ne sont pas le fruit du hasard, mais sont souvent situ\u00e9es le long de ces routes (parfois pr\u00e8s de passages de rivi\u00e8res comme \u00e0 Testona-Moncalieri ou \u00e0 Mod\u00e8ne) et dans certains cas l&rsquo;Ordre a exerc\u00e9 une activit\u00e9 hospitali\u00e8re qui allait au-del\u00e0 de sa vocation premi\u00e8re. Parall\u00e8lement \u00e0 ce mode de peuplement, le r\u00e9seau des Templiers comprenait \u00e9galement quelques domus urbains et des maisons rurales, souvent situ\u00e9es dans des zones en d\u00e9veloppement.<br \/>Le recrutement de l&rsquo;Ordre conna\u00eet un succ\u00e8s croissant, tant aupr\u00e8s des membres des anciennes lign\u00e9es nobles, qui voient dans l&rsquo;adh\u00e9sion \u00e0 cette institution une possibilit\u00e9 de r\u00e9action face \u00e0 la concurrence \u00e9crasante d&rsquo;autres sujets politiques, que des membres des nouvelles \u00e9lites de la ville, ainsi que d&rsquo;un bon nombre de la\u00efcs aiguis\u00e9s, dont la position est souvent difficile \u00e0 d\u00e9terminer.<\/p>\t\t\t\t\t\t\t\t<\/div>\n\t\t\t\t<\/div>\n\t\t\t\t\t<\/div>\n\t\t<\/div>\n\t\t\t\t<div class=\"elementor-column elementor-col-50 elementor-top-column elementor-element elementor-element-88c445a\" data-id=\"88c445a\" data-element_type=\"column\" data-e-type=\"column\">\n\t\t\t<div class=\"elementor-widget-wrap elementor-element-populated\">\n\t\t\t\t\t\t<div class=\"elementor-element elementor-element-5760587 elementor-widget elementor-widget-text-editor\" data-id=\"5760587\" data-element_type=\"widget\" data-e-type=\"widget\" data-widget_type=\"text-editor.default\">\n\t\t\t\t<div class=\"elementor-widget-container\">\n\t\t\t\t\t\t\t\t\t<p>Les relations avec les sujets politiques du territoire alternaient, comme il est naturel, avec des moments de collaboration et de conflits impliquant des disputes de diff\u00e9rentes sortes, du cura animarum aux h\u00e9ritages testamentaires, des probl\u00e8mes juridictionnels aux controverses de nature purement \u00e9conomique. Il est important de noter que le manque de d\u00e9veloppement du Temple en Ligurie est d\u00fb aux positions anti-g\u00e9noises prises par le Temple en Terre Sainte, ainsi qu&rsquo;\u00e0 l&rsquo;opposition entre Fr\u00e9d\u00e9ric II de Souabe et l&rsquo;Ordre, qui comprenait plusieurs de ses parents. Enfin, la collaboration avec le si\u00e8ge du pape est d&rsquo;une importance fondamentale. En effet, plusieurs templiers ont assum\u00e9 le r\u00f4le de cabines papales et ont repr\u00e9sent\u00e9 efficacement le pape dans les missions diplomatiques et les t\u00e2ches administratives.<br \/>L&rsquo;Italie conserve \u00e9galement des exemples importants d&rsquo;architecture et d&rsquo;art li\u00e9s au Temple, notamment dans les maisons de San Bevignate \u00e0 P\u00e9rouse et de Santa Maria all&rsquo;Aventino \u00e0 Rome.<br \/>Dans ce domaine \u00e9galement, le processus a mis fin \u00e0 la pr\u00e9sence de l&rsquo;Ordre avec le transfert de ses membres vers d&rsquo;autres r\u00e9alit\u00e9s religieuses et le transfert de ses biens, en grande partie mais pas enti\u00e8rement, \u00e0 l&rsquo;Hospitalier. Il convient de noter qu&rsquo;en Italie du Nord, l&rsquo;archev\u00eaque de Ravenne, Rinaldo da Concorezzo, a jou\u00e9 un r\u00f4le de premier plan dans ces \u00e9v\u00e9nements, sous la direction duquel non seulement l&rsquo;innocence des membres de l&rsquo;Ordre soumis \u00e0 son jugement a \u00e9t\u00e9 \u00e9tablie, mais aussi la nullit\u00e9 des aveux obtenus par peur ou par la torture a \u00e9t\u00e9 proclam\u00e9e.<br \/>Enfin, il est n\u00e9cessaire de pr\u00e9ciser que les recherches sur le Temple, le recensement et la v\u00e9rification de l&#8217;emplacement de ses maisons en Italie sont affect\u00e9s \u00e0 la fois par un retard dans les recherches historiographiques dans certaines r\u00e9gions, et par la dispersion de la documentation de l&rsquo;Ordre apr\u00e8s 1312, et donc ce sujet constitue toujours un d\u00e9fi historiographique fascinant.<\/p>\t\t\t\t\t\t\t\t<\/div>\n\t\t\t\t<\/div>\n\t\t\t\t\t<\/div>\n\t\t<\/div>\n\t\t\t\t\t<\/div>\n\t\t<\/section>\n\t\t\t\t<section class=\"elementor-section elementor-top-section elementor-element elementor-element-bb307d6 elementor-section-boxed elementor-section-height-default elementor-section-height-default\" data-id=\"bb307d6\" data-element_type=\"section\" data-e-type=\"section\">\n\t\t\t\t\t\t<div class=\"elementor-container elementor-column-gap-default\">\n\t\t\t\t\t<div class=\"elementor-column elementor-col-100 elementor-top-column elementor-element elementor-element-350f378\" data-id=\"350f378\" data-element_type=\"column\" data-e-type=\"column\">\n\t\t\t<div class=\"elementor-widget-wrap elementor-element-populated\">\n\t\t\t\t\t\t<div class=\"elementor-element elementor-element-87a0001 elementor-widget elementor-widget-heading\" data-id=\"87a0001\" data-element_type=\"widget\" data-e-type=\"widget\" data-widget_type=\"heading.default\">\n\t\t\t\t<div class=\"elementor-widget-container\">\n\t\t\t\t\t<h2 class=\"elementor-heading-title elementor-size-default\">Un circuit des ordres de Terre Sainte  en Ombrie et Latium <\/h2>\t\t\t\t<\/div>\n\t\t\t\t<\/div>\n\t\t\t\t\t<\/div>\n\t\t<\/div>\n\t\t\t\t\t<\/div>\n\t\t<\/section>\n\t\t\t\t<section class=\"elementor-section elementor-top-section elementor-element elementor-element-74f713c elementor-section-boxed elementor-section-height-default elementor-section-height-default\" data-id=\"74f713c\" data-element_type=\"section\" data-e-type=\"section\">\n\t\t\t\t\t\t<div class=\"elementor-container elementor-column-gap-default\">\n\t\t\t\t\t<div class=\"elementor-column elementor-col-100 elementor-top-column elementor-element elementor-element-45c99f0\" data-id=\"45c99f0\" data-element_type=\"column\" data-e-type=\"column\">\n\t\t\t<div class=\"elementor-widget-wrap elementor-element-populated\">\n\t\t\t\t\t\t<div class=\"elementor-element elementor-element-483400f elementor-widget elementor-widget-text-editor\" data-id=\"483400f\" data-element_type=\"widget\" data-e-type=\"widget\" data-widget_type=\"text-editor.default\">\n\t\t\t\t<div class=\"elementor-widget-container\">\n\t\t\t\t\t\t\t\t\t<p>Le circuit \u00ab\u00a0Gli ordini di Terra Santa\u00a0\u00bb &#8211; <em>Les ordres de Terre Sainte, <\/em>d\u00e9velopp\u00e9 par la Ville, l&rsquo;Universit\u00e9 de P\u00e9rouse et le comit\u00e9 scientifique italien, propose une s\u00e9lection des monuments les plus importants et les mieux conserv\u00e9s sur le plan architectural et artistique qui appartenaient \u00e0 l&rsquo;ordre du Temple, aux Hospitaliers (plus tard Chevaliers de l&rsquo;ordre de Rhodes et de Malte) et aux Chanoines du Saint-S\u00e9pulcre en Ombrie et dans le Latium.<\/p><p>\u00a0<\/p><p>Retrouvez le circuit et toutes les informations relatives aux monuments sur <a href=\"http:\/\/www.ordiniditerrasanta.it\" target=\"_blank\" rel=\"noopener\">www.ordiniditerrasanta.it<\/a><\/p><p>\u00a0<\/p><p>Ce projet s&rsquo;inscrit dans la continuit\u00e9 du colloque scientifique international \u00ab\u00a0Gli ordini di Terrasanta\u00a0\u00bb organis\u00e9 \u00e0 P\u00e9rouse, en 2019, par la Ville de P\u00e9rouse, l&rsquo;Universit\u00e9 de P\u00e9rouse et le comit\u00e9 scientifique italien de la Route des Templiers.\u00a0<\/p>\t\t\t\t\t\t\t\t<\/div>\n\t\t\t\t<\/div>\n\t\t\t\t\t<\/div>\n\t\t<\/div>\n\t\t\t\t\t<\/div>\n\t\t<\/section>\n\t\t\t\t<section class=\"elementor-section elementor-top-section elementor-element elementor-element-fead442 elementor-section-boxed elementor-section-height-default elementor-section-height-default\" data-id=\"fead442\" data-element_type=\"section\" data-e-type=\"section\">\n\t\t\t\t\t\t<div class=\"elementor-container elementor-column-gap-default\">\n\t\t\t\t\t<div class=\"elementor-column elementor-col-100 elementor-top-column elementor-element elementor-element-2fc0d73\" data-id=\"2fc0d73\" data-element_type=\"column\" data-e-type=\"column\">\n\t\t\t<div class=\"elementor-widget-wrap elementor-element-populated\">\n\t\t\t\t\t\t<div class=\"elementor-element elementor-element-5d1b411 elementor-widget elementor-widget-image\" data-id=\"5d1b411\" data-element_type=\"widget\" data-e-type=\"widget\" data-widget_type=\"image.default\">\n\t\t\t\t<div class=\"elementor-widget-container\">\n\t\t\t\t\t\t\t\t\t\t\t\t\t\t\t\t<a href=\"http:\/\/www.ordiniditerrasanta.it\/gli-ordini-di-terrasanta-tra-umbria-e-lazio\/\" target=\"_blank\">\n\t\t\t\t\t\t\t<img fetchpriority=\"high\" decoding=\"async\" width=\"1024\" height=\"474\" src=\"https:\/\/www.templars-route.eu\/assets\/uploads\/sites\/40\/2020\/12\/gli-ordini-di-terrasanta_banner-INTERNO-1024x474.jpg\" class=\"attachment-large size-large wp-image-18249\" alt=\"\" srcset=\"https:\/\/www.templars-route.eu\/assets\/uploads\/sites\/40\/2020\/12\/gli-ordini-di-terrasanta_banner-INTERNO-1024x474.jpg 1024w, https:\/\/www.templars-route.eu\/assets\/uploads\/sites\/40\/2020\/12\/gli-ordini-di-terrasanta_banner-INTERNO-300x139.jpg 300w, https:\/\/www.templars-route.eu\/assets\/uploads\/sites\/40\/2020\/12\/gli-ordini-di-terrasanta_banner-INTERNO-768x356.jpg 768w, https:\/\/www.templars-route.eu\/assets\/uploads\/sites\/40\/2020\/12\/gli-ordini-di-terrasanta_banner-INTERNO-700x324.jpg 700w, https:\/\/www.templars-route.eu\/assets\/uploads\/sites\/40\/2020\/12\/gli-ordini-di-terrasanta_banner-INTERNO.jpg 1900w\" sizes=\"(max-width: 1024px) 100vw, 1024px\" \/>\t\t\t\t\t\t\t\t<\/a>\n\t\t\t\t\t\t\t\t\t\t\t\t\t\t\t<\/div>\n\t\t\t\t<\/div>\n\t\t\t\t\t<\/div>\n\t\t<\/div>\n\t\t\t\t\t<\/div>\n\t\t<\/section>\n\t\t\t\t<section class=\"elementor-section elementor-top-section elementor-element elementor-element-52c271f elementor-section-boxed elementor-section-height-default elementor-section-height-default\" data-id=\"52c271f\" data-element_type=\"section\" data-e-type=\"section\">\n\t\t\t\t\t\t<div class=\"elementor-container elementor-column-gap-default\">\n\t\t\t\t\t<div class=\"elementor-column elementor-col-100 elementor-top-column elementor-element elementor-element-2186e91\" data-id=\"2186e91\" data-element_type=\"column\" data-e-type=\"column\">\n\t\t\t<div class=\"elementor-widget-wrap elementor-element-populated\">\n\t\t\t\t\t\t<div class=\"elementor-element elementor-element-6046202 elementor-widget elementor-widget-spacer\" data-id=\"6046202\" data-element_type=\"widget\" data-e-type=\"widget\" data-widget_type=\"spacer.default\">\n\t\t\t\t<div class=\"elementor-widget-container\">\n\t\t\t\t\t\t\t<div class=\"elementor-spacer\">\n\t\t\t<div class=\"elementor-spacer-inner\"><\/div>\n\t\t<\/div>\n\t\t\t\t\t\t<\/div>\n\t\t\t\t<\/div>\n\t\t\t\t\t<\/div>\n\t\t<\/div>\n\t\t\t\t\t<\/div>\n\t\t<\/section>\n\t\t\t\t<section class=\"elementor-section elementor-top-section elementor-element elementor-element-ce1c99a elementor-section-boxed elementor-section-height-default elementor-section-height-default\" data-id=\"ce1c99a\" data-element_type=\"section\" data-e-type=\"section\">\n\t\t\t\t\t\t<div class=\"elementor-container elementor-column-gap-default\">\n\t\t\t\t\t<div class=\"elementor-column elementor-col-100 elementor-top-column elementor-element elementor-element-97f83db\" data-id=\"97f83db\" data-element_type=\"column\" data-e-type=\"column\">\n\t\t\t<div class=\"elementor-widget-wrap elementor-element-populated\">\n\t\t\t\t\t\t<div class=\"elementor-element elementor-element-349e84d elementor-widget elementor-widget-heading\" data-id=\"349e84d\" data-element_type=\"widget\" data-e-type=\"widget\" data-widget_type=\"heading.default\">\n\t\t\t\t<div class=\"elementor-widget-container\">\n\t\t\t\t\t<h2 class=\"elementor-heading-title elementor-size-default\">Les sites templiers <\/h2>\t\t\t\t<\/div>\n\t\t\t\t<\/div>\n\t\t\t\t\t<\/div>\n\t\t<\/div>\n\t\t\t\t\t<\/div>\n\t\t<\/section>\n\t\t\t\t<section class=\"elementor-section elementor-top-section elementor-element elementor-element-bf1048c elementor-section-boxed elementor-section-height-default elementor-section-height-default\" data-id=\"bf1048c\" data-element_type=\"section\" data-e-type=\"section\">\n\t\t\t\t\t\t<div class=\"elementor-container elementor-column-gap-default\">\n\t\t\t\t\t<div class=\"elementor-column elementor-col-25 elementor-top-column elementor-element elementor-element-4b4961c\" data-id=\"4b4961c\" data-element_type=\"column\" data-e-type=\"column\">\n\t\t\t<div class=\"elementor-widget-wrap elementor-element-populated\">\n\t\t\t\t\t\t<div class=\"elementor-element elementor-element-733d878 elementor-widget elementor-widget-image\" data-id=\"733d878\" data-element_type=\"widget\" data-e-type=\"widget\" data-widget_type=\"image.default\">\n\t\t\t\t<div class=\"elementor-widget-container\">\n\t\t\t\t\t\t\t\t\t\t\t\t<figure class=\"wp-caption\">\n\t\t\t\t\t\t\t\t\t\t\t<a href=\"https:\/\/www.templars-route.eu\/fr\/san-bevignate-perouse\/\">\n\t\t\t\t\t\t\t<img decoding=\"async\" width=\"570\" height=\"570\" src=\"https:\/\/www.templars-route.eu\/assets\/uploads\/sites\/40\/2020\/11\/San-Bevignate-interno-2-1-570x570.jpg\" class=\"elementor-animation-grow attachment-portfolio-square size-portfolio-square wp-image-17835\" alt=\"\" srcset=\"https:\/\/www.templars-route.eu\/assets\/uploads\/sites\/40\/2020\/11\/San-Bevignate-interno-2-1-570x570.jpg 570w, https:\/\/www.templars-route.eu\/assets\/uploads\/sites\/40\/2020\/11\/San-Bevignate-interno-2-1-150x150.jpg 150w, https:\/\/www.templars-route.eu\/assets\/uploads\/sites\/40\/2020\/11\/San-Bevignate-interno-2-1-500x500.jpg 500w, https:\/\/www.templars-route.eu\/assets\/uploads\/sites\/40\/2020\/11\/San-Bevignate-interno-2-1-1000x1000.jpg 1000w\" sizes=\"(max-width: 570px) 100vw, 570px\" \/>\t\t\t\t\t\t\t\t<\/a>\n\t\t\t\t\t\t\t\t\t\t\t<figcaption class=\"widget-image-caption wp-caption-text\">Complexe templier San Bevignate \u00e0 Perouse, Ombrie<\/figcaption>\n\t\t\t\t\t\t\t\t\t\t<\/figure>\n\t\t\t\t\t\t\t\t\t<\/div>\n\t\t\t\t<\/div>\n\t\t\t\t\t<\/div>\n\t\t<\/div>\n\t\t\t\t<div class=\"elementor-column elementor-col-25 elementor-top-column elementor-element elementor-element-aa573cb\" data-id=\"aa573cb\" data-element_type=\"column\" data-e-type=\"column\">\n\t\t\t<div class=\"elementor-widget-wrap elementor-element-populated\">\n\t\t\t\t\t\t<div class=\"elementor-element elementor-element-71df047 elementor-widget elementor-widget-image\" data-id=\"71df047\" data-element_type=\"widget\" data-e-type=\"widget\" data-widget_type=\"image.default\">\n\t\t\t\t<div class=\"elementor-widget-container\">\n\t\t\t\t\t\t\t\t\t\t\t\t<figure class=\"wp-caption\">\n\t\t\t\t\t\t\t\t\t\t\t<a href=\"https:\/\/www.templars-route.eu\/fr\/san-filipo-deplano\/\">\n\t\t\t\t\t\t\t<img decoding=\"async\" width=\"570\" height=\"570\" src=\"https:\/\/www.templars-route.eu\/assets\/uploads\/sites\/40\/2020\/11\/foto-posteriore-570x570.jpg\" class=\"elementor-animation-grow attachment-portfolio-square size-portfolio-square wp-image-17742\" alt=\"\" srcset=\"https:\/\/www.templars-route.eu\/assets\/uploads\/sites\/40\/2020\/11\/foto-posteriore-570x570.jpg 570w, https:\/\/www.templars-route.eu\/assets\/uploads\/sites\/40\/2020\/11\/foto-posteriore-150x150.jpg 150w, https:\/\/www.templars-route.eu\/assets\/uploads\/sites\/40\/2020\/11\/foto-posteriore-500x500.jpg 500w, https:\/\/www.templars-route.eu\/assets\/uploads\/sites\/40\/2020\/11\/foto-posteriore-1000x1000.jpg 1000w\" sizes=\"(max-width: 570px) 100vw, 570px\" \/>\t\t\t\t\t\t\t\t<\/a>\n\t\t\t\t\t\t\t\t\t\t\t<figcaption class=\"widget-image-caption wp-caption-text\">Chapelle San Filippo de\u2019 Plano \u00e0 Osimo, Marches<\/figcaption>\n\t\t\t\t\t\t\t\t\t\t<\/figure>\n\t\t\t\t\t\t\t\t\t<\/div>\n\t\t\t\t<\/div>\n\t\t\t\t\t<\/div>\n\t\t<\/div>\n\t\t\t\t<div class=\"elementor-column elementor-col-25 elementor-top-column elementor-element elementor-element-f4cf502\" data-id=\"f4cf502\" data-element_type=\"column\" data-e-type=\"column\">\n\t\t\t<div class=\"elementor-widget-wrap elementor-element-populated\">\n\t\t\t\t\t\t<div class=\"elementor-element elementor-element-f7388c8 elementor-widget elementor-widget-image\" data-id=\"f7388c8\" data-element_type=\"widget\" data-e-type=\"widget\" data-widget_type=\"image.default\">\n\t\t\t\t<div class=\"elementor-widget-container\">\n\t\t\t\t\t\t\t\t\t\t\t\t<figure class=\"wp-caption\">\n\t\t\t\t\t\t\t\t\t\t\t<a href=\"https:\/\/www.templars-route.eu\/fr\/bibliotheque-casanatense-rome\/\">\n\t\t\t\t\t\t\t<img loading=\"lazy\" decoding=\"async\" width=\"570\" height=\"570\" src=\"https:\/\/www.templars-route.eu\/assets\/uploads\/sites\/40\/2021\/01\/Manoscritto-templare-@-Biblioteca-Casanatense-570x570.jpg\" class=\"elementor-animation-grow attachment-portfolio-square size-portfolio-square wp-image-19446\" alt=\"\" srcset=\"https:\/\/www.templars-route.eu\/assets\/uploads\/sites\/40\/2021\/01\/Manoscritto-templare-@-Biblioteca-Casanatense-570x570.jpg 570w, https:\/\/www.templars-route.eu\/assets\/uploads\/sites\/40\/2021\/01\/Manoscritto-templare-@-Biblioteca-Casanatense-150x150.jpg 150w, https:\/\/www.templars-route.eu\/assets\/uploads\/sites\/40\/2021\/01\/Manoscritto-templare-@-Biblioteca-Casanatense-500x500.jpg 500w, https:\/\/www.templars-route.eu\/assets\/uploads\/sites\/40\/2021\/01\/Manoscritto-templare-@-Biblioteca-Casanatense-1000x1000.jpg 1000w\" sizes=\"(max-width: 570px) 100vw, 570px\" \/>\t\t\t\t\t\t\t\t<\/a>\n\t\t\t\t\t\t\t\t\t\t\t<figcaption class=\"widget-image-caption wp-caption-text\">Biblioth\u00e8que Casanatense, Rome<\/figcaption>\n\t\t\t\t\t\t\t\t\t\t<\/figure>\n\t\t\t\t\t\t\t\t\t<\/div>\n\t\t\t\t<\/div>\n\t\t\t\t\t<\/div>\n\t\t<\/div>\n\t\t\t\t<div class=\"elementor-column elementor-col-25 elementor-top-column elementor-element elementor-element-4207023\" data-id=\"4207023\" data-element_type=\"column\" data-e-type=\"column\">\n\t\t\t<div class=\"elementor-widget-wrap elementor-element-populated\">\n\t\t\t\t\t\t<div class=\"elementor-element elementor-element-9b5a12e elementor-widget elementor-widget-image\" data-id=\"9b5a12e\" data-element_type=\"widget\" data-e-type=\"widget\" data-widget_type=\"image.default\">\n\t\t\t\t<div class=\"elementor-widget-container\">\n\t\t\t\t\t\t\t\t\t\t\t\t<figure class=\"wp-caption\">\n\t\t\t\t\t\t\t\t\t\t\t<a href=\"https:\/\/www.templars-route.eu\/fr\/bibliotheque-de-laccademia-nazionale-rome\/\">\n\t\t\t\t\t\t\t<img loading=\"lazy\" decoding=\"async\" width=\"570\" height=\"570\" src=\"https:\/\/www.templars-route.eu\/assets\/uploads\/sites\/40\/2021\/01\/Regola-dellOrdine-del-Tempio-@-Biblioteca-dei-Lincei-e-Corsiniana-570x570.jpg\" class=\"elementor-animation-grow attachment-portfolio-square size-portfolio-square wp-image-19489\" alt=\"\" srcset=\"https:\/\/www.templars-route.eu\/assets\/uploads\/sites\/40\/2021\/01\/Regola-dellOrdine-del-Tempio-@-Biblioteca-dei-Lincei-e-Corsiniana-570x570.jpg 570w, https:\/\/www.templars-route.eu\/assets\/uploads\/sites\/40\/2021\/01\/Regola-dellOrdine-del-Tempio-@-Biblioteca-dei-Lincei-e-Corsiniana-150x150.jpg 150w, https:\/\/www.templars-route.eu\/assets\/uploads\/sites\/40\/2021\/01\/Regola-dellOrdine-del-Tempio-@-Biblioteca-dei-Lincei-e-Corsiniana-500x500.jpg 500w, https:\/\/www.templars-route.eu\/assets\/uploads\/sites\/40\/2021\/01\/Regola-dellOrdine-del-Tempio-@-Biblioteca-dei-Lincei-e-Corsiniana-1000x1000.jpg 1000w\" sizes=\"(max-width: 570px) 100vw, 570px\" \/>\t\t\t\t\t\t\t\t<\/a>\n\t\t\t\t\t\t\t\t\t\t\t<figcaption class=\"widget-image-caption wp-caption-text\">Biblioth\u00e8que de l\u2019Accademia Nazionale, Rome<\/figcaption>\n\t\t\t\t\t\t\t\t\t\t<\/figure>\n\t\t\t\t\t\t\t\t\t<\/div>\n\t\t\t\t<\/div>\n\t\t\t\t\t<\/div>\n\t\t<\/div>\n\t\t\t\t\t<\/div>\n\t\t<\/section>\n\t\t\t\t<section class=\"elementor-section elementor-top-section elementor-element elementor-element-71e8423 elementor-section-boxed elementor-section-height-default elementor-section-height-default\" data-id=\"71e8423\" data-element_type=\"section\" data-e-type=\"section\">\n\t\t\t\t\t\t<div class=\"elementor-container elementor-column-gap-default\">\n\t\t\t\t\t<div class=\"elementor-column elementor-col-25 elementor-top-column elementor-element elementor-element-b37da73\" data-id=\"b37da73\" data-element_type=\"column\" data-e-type=\"column\">\n\t\t\t<div class=\"elementor-widget-wrap elementor-element-populated\">\n\t\t\t\t\t\t<div class=\"elementor-element elementor-element-83968a8 elementor-widget elementor-widget-image\" data-id=\"83968a8\" data-element_type=\"widget\" data-e-type=\"widget\" data-widget_type=\"image.default\">\n\t\t\t\t<div class=\"elementor-widget-container\">\n\t\t\t\t\t\t\t\t\t\t\t\t<figure class=\"wp-caption\">\n\t\t\t\t\t\t\t\t\t\t\t<a href=\"https:\/\/www.templars-route.eu\/fr\/santa-maria-della-sorresca-sabaudia\/\">\n\t\t\t\t\t\t\t<img loading=\"lazy\" decoding=\"async\" width=\"570\" height=\"540\" src=\"https:\/\/www.templars-route.eu\/assets\/uploads\/sites\/40\/2021\/01\/Santa-Maria-della-Sorresca-570x540.jpg\" class=\"elementor-animation-grow attachment-portfolio-square size-portfolio-square wp-image-19513\" alt=\"\" \/>\t\t\t\t\t\t\t\t<\/a>\n\t\t\t\t\t\t\t\t\t\t\t<figcaption class=\"widget-image-caption wp-caption-text\">Santa Maria della Sorresca, Sabaudia<\/figcaption>\n\t\t\t\t\t\t\t\t\t\t<\/figure>\n\t\t\t\t\t\t\t\t\t<\/div>\n\t\t\t\t<\/div>\n\t\t\t\t\t<\/div>\n\t\t<\/div>\n\t\t\t\t<div class=\"elementor-column elementor-col-25 elementor-top-column elementor-element elementor-element-bea6c51\" data-id=\"bea6c51\" data-element_type=\"column\" data-e-type=\"column\">\n\t\t\t<div class=\"elementor-widget-wrap elementor-element-populated\">\n\t\t\t\t\t\t<div class=\"elementor-element elementor-element-bad84f3 elementor-widget elementor-widget-image\" data-id=\"bad84f3\" data-element_type=\"widget\" data-e-type=\"widget\" data-widget_type=\"image.default\">\n\t\t\t\t<div class=\"elementor-widget-container\">\n\t\t\t\t\t\t\t\t\t\t\t\t<figure class=\"wp-caption\">\n\t\t\t\t\t\t\t\t\t\t\t<a href=\"https:\/\/www.templars-route.eu\/fr\/biblioteca-casanatense-roma-3-2\/\">\n\t\t\t\t\t\t\t<img loading=\"lazy\" decoding=\"async\" width=\"570\" height=\"570\" src=\"https:\/\/www.templars-route.eu\/assets\/uploads\/sites\/40\/2021\/01\/San-San-Giacomo-gi\u00e0-Santa-Maria-di-Ruspaglia-San-Giusto-Canavese-TO-foto-Davidenrico-570x570.jpg\" class=\"elementor-animation-grow attachment-portfolio-square size-portfolio-square wp-image-19532\" alt=\"\" srcset=\"https:\/\/www.templars-route.eu\/assets\/uploads\/sites\/40\/2021\/01\/San-San-Giacomo-gi\u00e0-Santa-Maria-di-Ruspaglia-San-Giusto-Canavese-TO-foto-Davidenrico-570x570.jpg 570w, https:\/\/www.templars-route.eu\/assets\/uploads\/sites\/40\/2021\/01\/San-San-Giacomo-gi\u00e0-Santa-Maria-di-Ruspaglia-San-Giusto-Canavese-TO-foto-Davidenrico-150x150.jpg 150w, https:\/\/www.templars-route.eu\/assets\/uploads\/sites\/40\/2021\/01\/San-San-Giacomo-gi\u00e0-Santa-Maria-di-Ruspaglia-San-Giusto-Canavese-TO-foto-Davidenrico-500x500.jpg 500w, https:\/\/www.templars-route.eu\/assets\/uploads\/sites\/40\/2021\/01\/San-San-Giacomo-gi\u00e0-Santa-Maria-di-Ruspaglia-San-Giusto-Canavese-TO-foto-Davidenrico-1000x1000.jpg 1000w\" sizes=\"(max-width: 570px) 100vw, 570px\" \/>\t\t\t\t\t\t\t\t<\/a>\n\t\t\t\t\t\t\t\t\t\t\t<figcaption class=\"widget-image-caption wp-caption-text\">Ruspaglia Santa Maria<\/figcaption>\n\t\t\t\t\t\t\t\t\t\t<\/figure>\n\t\t\t\t\t\t\t\t\t<\/div>\n\t\t\t\t<\/div>\n\t\t\t\t\t<\/div>\n\t\t<\/div>\n\t\t\t\t<div class=\"elementor-column elementor-col-25 elementor-top-column elementor-element elementor-element-9378ebf\" data-id=\"9378ebf\" data-element_type=\"column\" data-e-type=\"column\">\n\t\t\t<div class=\"elementor-widget-wrap elementor-element-populated\">\n\t\t\t\t\t\t<div class=\"elementor-element elementor-element-e6965e4 elementor-widget elementor-widget-image\" data-id=\"e6965e4\" data-element_type=\"widget\" data-e-type=\"widget\" data-widget_type=\"image.default\">\n\t\t\t\t<div class=\"elementor-widget-container\">\n\t\t\t\t\t\t\t\t\t\t\t\t<figure class=\"wp-caption\">\n\t\t\t\t\t\t\t\t\t\t\t<a href=\"https:\/\/www.templars-route.eu\/fr\/santa-maria-di-isana\/\">\n\t\t\t\t\t\t\t<img loading=\"lazy\" decoding=\"async\" width=\"570\" height=\"570\" src=\"https:\/\/www.templars-route.eu\/assets\/uploads\/sites\/40\/2021\/01\/Santa-Maria-Isana-Livorno-Ferraris-VC-foto-Bellomo-570x570.jpg\" class=\"elementor-animation-grow attachment-portfolio-square size-portfolio-square wp-image-19551\" alt=\"\" srcset=\"https:\/\/www.templars-route.eu\/assets\/uploads\/sites\/40\/2021\/01\/Santa-Maria-Isana-Livorno-Ferraris-VC-foto-Bellomo-570x570.jpg 570w, https:\/\/www.templars-route.eu\/assets\/uploads\/sites\/40\/2021\/01\/Santa-Maria-Isana-Livorno-Ferraris-VC-foto-Bellomo-150x150.jpg 150w, https:\/\/www.templars-route.eu\/assets\/uploads\/sites\/40\/2021\/01\/Santa-Maria-Isana-Livorno-Ferraris-VC-foto-Bellomo-500x500.jpg 500w, https:\/\/www.templars-route.eu\/assets\/uploads\/sites\/40\/2021\/01\/Santa-Maria-Isana-Livorno-Ferraris-VC-foto-Bellomo-1000x1000.jpg 1000w\" sizes=\"(max-width: 570px) 100vw, 570px\" \/>\t\t\t\t\t\t\t\t<\/a>\n\t\t\t\t\t\t\t\t\t\t\t<figcaption class=\"widget-image-caption wp-caption-text\">Santa Maria di Isana<\/figcaption>\n\t\t\t\t\t\t\t\t\t\t<\/figure>\n\t\t\t\t\t\t\t\t\t<\/div>\n\t\t\t\t<\/div>\n\t\t\t\t\t<\/div>\n\t\t<\/div>\n\t\t\t\t<div class=\"elementor-column elementor-col-25 elementor-top-column elementor-element elementor-element-a3caed5\" data-id=\"a3caed5\" data-element_type=\"column\" data-e-type=\"column\">\n\t\t\t<div class=\"elementor-widget-wrap elementor-element-populated\">\n\t\t\t\t\t\t<div class=\"elementor-element elementor-element-c8f845f elementor-widget elementor-widget-image\" data-id=\"c8f845f\" data-element_type=\"widget\" data-e-type=\"widget\" data-widget_type=\"image.default\">\n\t\t\t\t<div class=\"elementor-widget-container\">\n\t\t\t\t\t\t\t\t\t\t\t\t<figure class=\"wp-caption\">\n\t\t\t\t\t\t\t\t\t\t\t<a href=\"https:\/\/www.templars-route.eu\/fr\/patrimoine-templier\/patrimoine-italie\/la-via-del-sale-de-perouse-a-ancone\/\">\n\t\t\t\t\t\t\t<img loading=\"lazy\" decoding=\"async\" width=\"500\" height=\"500\" src=\"https:\/\/www.templars-route.eu\/assets\/uploads\/sites\/40\/2023\/04\/via-del-sol-500x500.png\" class=\"elementor-animation-grow attachment-portfolio_masonry_regular size-portfolio_masonry_regular wp-image-20711\" alt=\"\" srcset=\"https:\/\/www.templars-route.eu\/assets\/uploads\/sites\/40\/2023\/04\/via-del-sol-500x500.png 500w, https:\/\/www.templars-route.eu\/assets\/uploads\/sites\/40\/2023\/04\/via-del-sol-150x150.png 150w\" sizes=\"(max-width: 500px) 100vw, 500px\" \/>\t\t\t\t\t\t\t\t<\/a>\n\t\t\t\t\t\t\t\t\t\t\t<figcaption class=\"widget-image-caption wp-caption-text\"> La Via del Sale, de P\u00e9rouse \u00e0 Anc\u00f4ne<\/figcaption>\n\t\t\t\t\t\t\t\t\t\t<\/figure>\n\t\t\t\t\t\t\t\t\t<\/div>\n\t\t\t\t<\/div>\n\t\t\t\t\t<\/div>\n\t\t<\/div>\n\t\t\t\t\t<\/div>\n\t\t<\/section>\n\t\t\t\t<section class=\"elementor-section elementor-top-section elementor-element elementor-element-620233e elementor-section-boxed elementor-section-height-default elementor-section-height-default\" data-id=\"620233e\" data-element_type=\"section\" data-e-type=\"section\">\n\t\t\t\t\t\t<div class=\"elementor-container elementor-column-gap-default\">\n\t\t\t\t\t<div class=\"elementor-column elementor-col-25 elementor-top-column elementor-element elementor-element-e3c9a5c\" data-id=\"e3c9a5c\" data-element_type=\"column\" data-e-type=\"column\">\n\t\t\t<div class=\"elementor-widget-wrap elementor-element-populated\">\n\t\t\t\t\t\t<div class=\"elementor-element elementor-element-59e6e7a elementor-widget elementor-widget-image\" data-id=\"59e6e7a\" data-element_type=\"widget\" data-e-type=\"widget\" data-widget_type=\"image.default\">\n\t\t\t\t<div class=\"elementor-widget-container\">\n\t\t\t\t\t\t\t\t\t\t\t\t<figure class=\"wp-caption\">\n\t\t\t\t\t\t\t\t\t\t\t<a href=\"https:\/\/www.templars-route.eu\/fr\/festival-internazionale-dei-templari\/\">\n\t\t\t\t\t\t\t<img loading=\"lazy\" decoding=\"async\" width=\"219\" height=\"275\" src=\"https:\/\/www.templars-route.eu\/assets\/uploads\/sites\/40\/2023\/04\/festival-internazionale-dei-templari.petit-format-3.png\" class=\"elementor-animation-grow attachment-portfolio-square size-portfolio-square wp-image-20794\" alt=\"\" \/>\t\t\t\t\t\t\t\t<\/a>\n\t\t\t\t\t\t\t\t\t\t\t<figcaption class=\"widget-image-caption wp-caption-text\">Festival Internazionale dei Templari<\/figcaption>\n\t\t\t\t\t\t\t\t\t\t<\/figure>\n\t\t\t\t\t\t\t\t\t<\/div>\n\t\t\t\t<\/div>\n\t\t\t\t\t<\/div>\n\t\t<\/div>\n\t\t\t\t<div class=\"elementor-column elementor-col-25 elementor-top-column elementor-element elementor-element-eaeedad\" data-id=\"eaeedad\" data-element_type=\"column\" data-e-type=\"column\">\n\t\t\t<div class=\"elementor-widget-wrap\">\n\t\t\t\t\t\t\t<\/div>\n\t\t<\/div>\n\t\t\t\t<div class=\"elementor-column elementor-col-25 elementor-top-column elementor-element elementor-element-b867776\" data-id=\"b867776\" data-element_type=\"column\" data-e-type=\"column\">\n\t\t\t<div class=\"elementor-widget-wrap\">\n\t\t\t\t\t\t\t<\/div>\n\t\t<\/div>\n\t\t\t\t<div class=\"elementor-column elementor-col-25 elementor-top-column elementor-element elementor-element-f7469d4\" data-id=\"f7469d4\" data-element_type=\"column\" data-e-type=\"column\">\n\t\t\t<div class=\"elementor-widget-wrap\">\n\t\t\t\t\t\t\t<\/div>\n\t\t<\/div>\n\t\t\t\t\t<\/div>\n\t\t<\/section>\n\t\t\t\t<\/div>\n\t\t","protected":false},"excerpt":{"rendered":"<p>Une des particularit\u00e9s de l&rsquo;Ordre du Temple, exp\u00e9rience religieuse d\u00e9j\u00e0 novatrice en combinant profession monastique et vocation militaire, est repr\u00e9sent\u00e9e par la pr\u00e9sence simultan\u00e9e sur les deux rives de la M\u00e9diterran\u00e9e de personnes ayant des objectifs diff\u00e9rents et compl\u00e9mentaires. En fait, si la partie de&#8230;<\/p>\n","protected":false},"author":27,"featured_media":0,"parent":0,"menu_order":0,"comment_status":"closed","ping_status":"closed","template":"","meta":{"footnotes":""},"class_list":["post-18242","page","type-page","status-publish","hentry"],"yoast_head":"<!-- This site is optimized with the Yoast SEO plugin v26.6 - https:\/\/yoast.com\/wordpress\/plugins\/seo\/ -->\n<title>Le patrimoine templier en Italie - Route du patrimoine templier - Templars Route European Federation (TREF)<\/title>\n<meta name=\"robots\" content=\"index, follow, max-snippet:-1, max-image-preview:large, max-video-preview:-1\" \/>\n<link rel=\"canonical\" href=\"https:\/\/www.templars-route.eu\/fr\/patrimoine-italie\/\" \/>\n<meta property=\"og:locale\" content=\"fr_FR\" \/>\n<meta property=\"og:type\" content=\"article\" \/>\n<meta property=\"og:title\" content=\"Le patrimoine templier en Italie - Route du patrimoine templier - Templars Route European Federation (TREF)\" \/>\n<meta property=\"og:description\" content=\"Une des particularit\u00e9s de l&rsquo;Ordre du Temple, exp\u00e9rience religieuse d\u00e9j\u00e0 novatrice en combinant profession monastique et vocation militaire, est repr\u00e9sent\u00e9e par la pr\u00e9sence simultan\u00e9e sur les deux rives de la M\u00e9diterran\u00e9e de personnes ayant des objectifs diff\u00e9rents et compl\u00e9mentaires. En fait, si la partie de...\" \/>\n<meta property=\"og:url\" content=\"https:\/\/www.templars-route.eu\/fr\/patrimoine-italie\/\" \/>\n<meta property=\"og:site_name\" content=\"Route du patrimoine templier - Templars Route European Federation (TREF)\" \/>\n<meta property=\"article:modified_time\" content=\"2023-04-18T14:31:44+00:00\" \/>\n<meta property=\"og:image\" content=\"https:\/\/european-templar-route.v3.mobylee.com\/assets\/uploads\/sites\/40\/2020\/12\/gli-ordini-di-terrasanta_banner-INTERNO-1024x474.jpg\" \/>\n<meta name=\"twitter:card\" content=\"summary_large_image\" \/>\n<meta name=\"twitter:label1\" content=\"Dur\u00e9e de lecture estim\u00e9e\" \/>\n\t<meta name=\"twitter:data1\" content=\"5 minutes\" \/>\n<script type=\"application\/ld+json\" class=\"yoast-schema-graph\">{\"@context\":\"https:\/\/schema.org\",\"@graph\":[{\"@type\":\"WebPage\",\"@id\":\"https:\/\/www.templars-route.eu\/fr\/patrimoine-italie\/\",\"url\":\"https:\/\/www.templars-route.eu\/fr\/patrimoine-italie\/\",\"name\":\"Le patrimoine templier en Italie - Route du patrimoine templier - Templars Route European Federation (TREF)\",\"isPartOf\":{\"@id\":\"https:\/\/www.templars-route.eu\/fr\/#website\"},\"primaryImageOfPage\":{\"@id\":\"https:\/\/www.templars-route.eu\/fr\/patrimoine-italie\/#primaryimage\"},\"image\":{\"@id\":\"https:\/\/www.templars-route.eu\/fr\/patrimoine-italie\/#primaryimage\"},\"thumbnailUrl\":\"https:\/\/european-templar-route.v3.mobylee.com\/assets\/uploads\/sites\/40\/2020\/12\/gli-ordini-di-terrasanta_banner-INTERNO-1024x474.jpg\",\"datePublished\":\"2020-12-03T10:39:34+00:00\",\"dateModified\":\"2023-04-18T14:31:44+00:00\",\"breadcrumb\":{\"@id\":\"https:\/\/www.templars-route.eu\/fr\/patrimoine-italie\/#breadcrumb\"},\"inLanguage\":\"fr-FR\",\"potentialAction\":[{\"@type\":\"ReadAction\",\"target\":[\"https:\/\/www.templars-route.eu\/fr\/patrimoine-italie\/\"]}]},{\"@type\":\"ImageObject\",\"inLanguage\":\"fr-FR\",\"@id\":\"https:\/\/www.templars-route.eu\/fr\/patrimoine-italie\/#primaryimage\",\"url\":\"https:\/\/european-templar-route.v3.mobylee.com\/assets\/uploads\/sites\/40\/2020\/12\/gli-ordini-di-terrasanta_banner-INTERNO-1024x474.jpg\",\"contentUrl\":\"https:\/\/european-templar-route.v3.mobylee.com\/assets\/uploads\/sites\/40\/2020\/12\/gli-ordini-di-terrasanta_banner-INTERNO-1024x474.jpg\"},{\"@type\":\"BreadcrumbList\",\"@id\":\"https:\/\/www.templars-route.eu\/fr\/patrimoine-italie\/#breadcrumb\",\"itemListElement\":[{\"@type\":\"ListItem\",\"position\":1,\"name\":\"Accueil\",\"item\":\"https:\/\/www.templars-route.eu\/fr\/\"},{\"@type\":\"ListItem\",\"position\":2,\"name\":\"Le patrimoine templier en Italie\"}]},{\"@type\":\"WebSite\",\"@id\":\"https:\/\/www.templars-route.eu\/fr\/#website\",\"url\":\"https:\/\/www.templars-route.eu\/fr\/\",\"name\":\"Route du patrimoine templier - Templars Route European Federation (TREF)\",\"description\":\"Valorisation of Templar heritage in Europe\",\"potentialAction\":[{\"@type\":\"SearchAction\",\"target\":{\"@type\":\"EntryPoint\",\"urlTemplate\":\"https:\/\/www.templars-route.eu\/fr\/?s={search_term_string}\"},\"query-input\":{\"@type\":\"PropertyValueSpecification\",\"valueRequired\":true,\"valueName\":\"search_term_string\"}}],\"inLanguage\":\"fr-FR\"}]}<\/script>\n<!-- \/ Yoast SEO plugin. -->","yoast_head_json":{"title":"Le patrimoine templier en Italie - Route du patrimoine templier - Templars Route European Federation (TREF)","robots":{"index":"index","follow":"follow","max-snippet":"max-snippet:-1","max-image-preview":"max-image-preview:large","max-video-preview":"max-video-preview:-1"},"canonical":"https:\/\/www.templars-route.eu\/fr\/patrimoine-italie\/","og_locale":"fr_FR","og_type":"article","og_title":"Le patrimoine templier en Italie - Route du patrimoine templier - Templars Route European Federation (TREF)","og_description":"Une des particularit\u00e9s de l&rsquo;Ordre du Temple, exp\u00e9rience religieuse d\u00e9j\u00e0 novatrice en combinant profession monastique et vocation militaire, est repr\u00e9sent\u00e9e par la pr\u00e9sence simultan\u00e9e sur les deux rives de la M\u00e9diterran\u00e9e de personnes ayant des objectifs diff\u00e9rents et compl\u00e9mentaires. En fait, si la partie de...","og_url":"https:\/\/www.templars-route.eu\/fr\/patrimoine-italie\/","og_site_name":"Route du patrimoine templier - Templars Route European Federation (TREF)","article_modified_time":"2023-04-18T14:31:44+00:00","og_image":[{"url":"https:\/\/european-templar-route.v3.mobylee.com\/assets\/uploads\/sites\/40\/2020\/12\/gli-ordini-di-terrasanta_banner-INTERNO-1024x474.jpg","type":"","width":"","height":""}],"twitter_card":"summary_large_image","twitter_misc":{"Dur\u00e9e de lecture estim\u00e9e":"5 minutes"},"schema":{"@context":"https:\/\/schema.org","@graph":[{"@type":"WebPage","@id":"https:\/\/www.templars-route.eu\/fr\/patrimoine-italie\/","url":"https:\/\/www.templars-route.eu\/fr\/patrimoine-italie\/","name":"Le patrimoine templier en Italie - Route du patrimoine templier - Templars Route European Federation (TREF)","isPartOf":{"@id":"https:\/\/www.templars-route.eu\/fr\/#website"},"primaryImageOfPage":{"@id":"https:\/\/www.templars-route.eu\/fr\/patrimoine-italie\/#primaryimage"},"image":{"@id":"https:\/\/www.templars-route.eu\/fr\/patrimoine-italie\/#primaryimage"},"thumbnailUrl":"https:\/\/european-templar-route.v3.mobylee.com\/assets\/uploads\/sites\/40\/2020\/12\/gli-ordini-di-terrasanta_banner-INTERNO-1024x474.jpg","datePublished":"2020-12-03T10:39:34+00:00","dateModified":"2023-04-18T14:31:44+00:00","breadcrumb":{"@id":"https:\/\/www.templars-route.eu\/fr\/patrimoine-italie\/#breadcrumb"},"inLanguage":"fr-FR","potentialAction":[{"@type":"ReadAction","target":["https:\/\/www.templars-route.eu\/fr\/patrimoine-italie\/"]}]},{"@type":"ImageObject","inLanguage":"fr-FR","@id":"https:\/\/www.templars-route.eu\/fr\/patrimoine-italie\/#primaryimage","url":"https:\/\/european-templar-route.v3.mobylee.com\/assets\/uploads\/sites\/40\/2020\/12\/gli-ordini-di-terrasanta_banner-INTERNO-1024x474.jpg","contentUrl":"https:\/\/european-templar-route.v3.mobylee.com\/assets\/uploads\/sites\/40\/2020\/12\/gli-ordini-di-terrasanta_banner-INTERNO-1024x474.jpg"},{"@type":"BreadcrumbList","@id":"https:\/\/www.templars-route.eu\/fr\/patrimoine-italie\/#breadcrumb","itemListElement":[{"@type":"ListItem","position":1,"name":"Accueil","item":"https:\/\/www.templars-route.eu\/fr\/"},{"@type":"ListItem","position":2,"name":"Le patrimoine templier en Italie"}]},{"@type":"WebSite","@id":"https:\/\/www.templars-route.eu\/fr\/#website","url":"https:\/\/www.templars-route.eu\/fr\/","name":"Route du patrimoine templier - Templars Route European Federation (TREF)","description":"Valorisation of Templar heritage in Europe","potentialAction":[{"@type":"SearchAction","target":{"@type":"EntryPoint","urlTemplate":"https:\/\/www.templars-route.eu\/fr\/?s={search_term_string}"},"query-input":{"@type":"PropertyValueSpecification","valueRequired":true,"valueName":"search_term_string"}}],"inLanguage":"fr-FR"}]}},"_links":{"self":[{"href":"https:\/\/www.templars-route.eu\/fr\/wp-json\/wp\/v2\/pages\/18242\/"}],"collection":[{"href":"https:\/\/www.templars-route.eu\/fr\/wp-json\/wp\/v2\/pages\/"}],"about":[{"href":"https:\/\/www.templars-route.eu\/fr\/wp-json\/wp\/v2\/types\/page\/"}],"author":[{"embeddable":true,"href":"https:\/\/www.templars-route.eu\/fr\/wp-json\/wp\/v2\/users\/27\/"}],"replies":[{"embeddable":true,"href":"https:\/\/www.templars-route.eu\/fr\/wp-json\/wp\/v2\/comments\/?post=18242"}],"version-history":[{"count":5,"href":"https:\/\/www.templars-route.eu\/fr\/wp-json\/wp\/v2\/pages\/18242\/revisions\/"}],"predecessor-version":[{"id":21008,"href":"https:\/\/www.templars-route.eu\/fr\/wp-json\/wp\/v2\/pages\/18242\/revisions\/21008\/"}],"wp:attachment":[{"href":"https:\/\/www.templars-route.eu\/fr\/wp-json\/wp\/v2\/media\/?parent=18242"}],"curies":[{"name":"wp","href":"https:\/\/api.w.org\/{rel}","templated":true}]}}