{"id":17759,"date":"2020-11-25T17:08:02","date_gmt":"2020-11-25T16:08:02","guid":{"rendered":"https:\/\/www.templars-route.eu\/?page_id=17759"},"modified":"2020-11-25T17:14:57","modified_gmt":"2020-11-25T16:14:57","slug":"chypre","status":"publish","type":"page","link":"https:\/\/www.templars-route.eu\/fr\/chypre\/","title":{"rendered":"Les Templiers \u00e0 Chypre"},"content":{"rendered":"<div class=\"wpb-content-wrapper\"><p>[vc_row css_animation=\u00a0\u00bb\u00a0\u00bb row_type=\u00a0\u00bbrow\u00a0\u00bb use_row_as_full_screen_section=\u00a0\u00bbno\u00a0\u00bb type=\u00a0\u00bbfull_width\u00a0\u00bb angled_section=\u00a0\u00bbno\u00a0\u00bb text_align=\u00a0\u00bbleft\u00a0\u00bb background_image_as_pattern=\u00a0\u00bbwithout_pattern\u00a0\u00bb][vc_column width=\u00a0\u00bb2\/3&Prime;][vc_column_text]Initialement province de l\u2019empire byzantin, Chypre s\u2019en d\u00e9tacha en 1184 lorsque Isaac Comn\u00e8ne prit le pouvoir et se proclama empereur. Richard C\u0153ur de Lion se rendit en Terre sainte lors de la troisi\u00e8me croisade, s\u2019empare de l\u2019\u00eele en 1191 et la vendit aux Templiers pour 40\u00a0000 besants. Une r\u00e9volte des habitants, cons\u00e9cutive \u00e0 la cr\u00e9ation d\u2019un nouvel imp\u00f4t par les Templiers, entra\u00eene ces derniers \u00e0 rendre Chypre au roi d\u2019Angleterre d\u00e8s 1192. Richard vendit alors l\u2019\u00eele \u00e0 Guy de Lusignan. En 1197, son fr\u00e8re Aimery est couronn\u00e9 roi de Chypre.<\/p>\n<p>&nbsp;<\/p>\n<p>Progressivement, des populations latines, commer\u00e7ants g\u00e9nois et pisans, mais aussi des nobles de Syrie, s\u2019agr\u00e9g\u00e8rent aux populations grecques, maronites, arm\u00e9niennes et juives pr\u00e9sentes \u00e0 Chypre. Templiers, Hospitaliers, Teutoniques acquirent des domaines sur l\u2019\u00eele et en assur\u00e8rent la d\u00e9fense. C\u2019est probablement en r\u00e9ponse au pape Innocent III \u2013 qui, en 1198, donna aux fr\u00e8res l\u2019ordre de prot\u00e9ger Chypre contre une \u00e9ventuelle attaque byzantine \u2013 que les Templiers b\u00e2tirent le ch\u00e2teau de Gastria, pr\u00e8s de Famagouste, et les Hospitaliers celui de Saranda Kolones, derri\u00e8re le port de Paphos. Parmi les autres ch\u00e2teaux templiers\u00a0: Yermossoyia et Khirokitia dans le sud de l\u2019\u00eele, Limassol, quartier g\u00e9n\u00e9ral de l\u2019ordre \u00e0 Chypre (si\u00e8ge du ma\u00eetre de la province ou commandeur de Chypre\u00a0:<em> c\u2019est l\u00e0 que r\u00e9side Jacques de Molay au d\u00e9but de l\u2019affaire du Temple et c\u2019est de l\u00e0 qu\u2019il part pour la France en 1307 quelques semaines avant l\u2019arrestation des fr\u00e8res<\/em>), tandis qu\u2019\u00e0 Kolossi les Templiers exploitaient la canne \u00e0 sucre. Les Templiers \u00e9taient \u00e9galement pr\u00e9sents \u00e0 Nicosie et Famagouste o\u00f9 ils poss\u00e9daient des maisons\u00a0: les deux chapelles jumelles de Famagouste, encore en place et traditionnellement attribu\u00e9es au Temple et \u00e0 l\u2019H\u00f4pital, seraient, selon Jean-Bernard de Vaivre, des \u00e9glises \u00e9rig\u00e9es au XIV<sup>e<\/sup> si\u00e8cle par des communaut\u00e9s non identifi\u00e9es.[\/vc_column_text][vc_empty_space][\/vc_column][vc_column width=\u00a0\u00bb1\/3&Prime;][vc_gallery interval=\u00a0\u00bb3&Prime; images=\u00a0\u00bb17749,17754&Prime; img_size=\u00a0\u00bblarge\u00a0\u00bb][\/vc_column][\/vc_row][vc_row css_animation=\u00a0\u00bb\u00a0\u00bb row_type=\u00a0\u00bbrow\u00a0\u00bb use_row_as_full_screen_section=\u00a0\u00bbno\u00a0\u00bb type=\u00a0\u00bbfull_width\u00a0\u00bb angled_section=\u00a0\u00bbno\u00a0\u00bb text_align=\u00a0\u00bbleft\u00a0\u00bb background_image_as_pattern=\u00a0\u00bbwithout_pattern\u00a0\u00bb][vc_column][vc_column_text]Aux mains des Lusignan, Chypre fut une place strat\u00e9gique d\u2019importance pour les crois\u00e9s, leur permettant de rassembler des troupes et leur procurant des hommes et du ravitaillement \u00e0 destination de la Terre sainte. L\u2019expulsion des Latins de Terre sainte apr\u00e8s la chute de Saint-Jean d\u2019Acre en 1291 fut \u00e0 l\u2019origine d\u2019un afflux de population dans l\u2019\u00eele que la couronne eut bien du mal \u00e0 g\u00e9rer. Limassol, o\u00f9 de nombreux r\u00e9fugi\u00e9s s\u2019\u00e9taient install\u00e9s, devint le quartier g\u00e9n\u00e9ral \u00e0 la fois du Temple et de l\u2019H\u00f4pital. Les Hospitaliers y construisirent un h\u00f4pital en 1297 et les fr\u00e8res des deux ordres y d\u00e9velopp\u00e8rent une flotte qui leur permit de mener des raids navals contre le littoral syrien. Entre 1299 et 1301, avec le concours de la couronne chypriote, ils tent\u00e8rent de coordonner leur campagne militaire contre les Mamelouks avec les Mongols de Perse. Ambitieux, le projet se solda par un \u00e9chec et, en 1302, dans l\u2019\u00eele de Rouad, quelque 500 Templiers furent tu\u00e9s ou captur\u00e9s lors de l\u2019attaque d\u2019une puissante flotte mamelouke.<\/p>\n<p>&nbsp;<\/p>\n<p>Apr\u00e8s la chute du Temple, l\u2019H\u00f4pital s\u2019installa \u00e0 Rhodes et les Teutoniques en Prusse. \u00c0 Chypre, ces deux ordres se content\u00e8rent de maintenir leurs domaines accrus des biens du Temple.<\/p>\n<p>&nbsp;<\/p>\n<p>Lors du proc\u00e8s, on apprit que les Templiers de Chypre conservaient dans leur \u00e9glise de Nicosie la relique d\u2019une \u00e9pine de la couronne de la Passion qui, selon eux, fleurissait chaque Vendredi Saint \u00e0 midi. Pour les Templiers, c\u2019\u00e9tait la preuve que l\u2019ordre \u00e9tait saint puisque m\u00eame les \u00e9pines conserv\u00e9es par le roi de France ne fleurissaient pas\u2026<\/p>\n<p>&nbsp;<\/p>\n<p>&nbsp;<\/p>\n<p>Sources\u00a0: Nicholas Coureas, <em>Prier et combattre. Dictionnaire europ\u00e9en des ordres militaires au Moyen \u00c2ge<\/em>, Paris, Fayard, 2009, pages 227-229\u00a0; Alain Demurger, <em>Les Templiers. Une chevalerie chr\u00e9tienne au Moyen \u00c2ge<\/em>, Paris, Seuil, 2005, p. 151-152\u00a0; Simonetta Cerrini, <em>Le dernier Jugement des Templiers<\/em>, Paris, Flammarion, 2018, pages 55-58.[\/vc_column_text][vc_empty_space][\/vc_column][\/vc_row]<\/p>\n<\/div>","protected":false},"excerpt":{"rendered":"<p>[vc_row css_animation=\u00a0\u00bb\u00a0\u00bb row_type=\u00a0\u00bbrow\u00a0\u00bb use_row_as_full_screen_section=\u00a0\u00bbno\u00a0\u00bb type=\u00a0\u00bbfull_width\u00a0\u00bb angled_section=\u00a0\u00bbno\u00a0\u00bb text_align=\u00a0\u00bbleft\u00a0\u00bb background_image_as_pattern=\u00a0\u00bbwithout_pattern\u00a0\u00bb][vc_column width=\u00a0\u00bb2\/3&Prime;][vc_column_text]Initialement province de l\u2019empire byzantin, Chypre s\u2019en d\u00e9tacha en 1184 lorsque Isaac Comn\u00e8ne prit le pouvoir et se proclama empereur. Richard C\u0153ur de Lion se rendit en Terre sainte lors de la troisi\u00e8me croisade, s\u2019empare de l\u2019\u00eele&#8230;<\/p>\n","protected":false},"author":27,"featured_media":0,"parent":0,"menu_order":0,"comment_status":"closed","ping_status":"closed","template":"","meta":{"footnotes":""},"class_list":["post-17759","page","type-page","status-publish","hentry"],"yoast_head":"<!-- This site is optimized with the Yoast SEO plugin v26.6 - https:\/\/yoast.com\/wordpress\/plugins\/seo\/ -->\n<title>Les Templiers \u00e0 Chypre - Route du patrimoine templier - Templars Route European Federation (TREF)<\/title>\n<meta name=\"robots\" content=\"index, follow, max-snippet:-1, max-image-preview:large, max-video-preview:-1\" \/>\n<link rel=\"canonical\" href=\"https:\/\/www.templars-route.eu\/fr\/chypre\/\" \/>\n<meta property=\"og:locale\" content=\"fr_FR\" \/>\n<meta property=\"og:type\" content=\"article\" \/>\n<meta property=\"og:title\" content=\"Les Templiers \u00e0 Chypre - Route du patrimoine templier - Templars Route European Federation (TREF)\" \/>\n<meta property=\"og:description\" content=\"[vc_row css_animation=\u00a0\u00bb\u00a0\u00bb row_type=\u00a0\u00bbrow\u00a0\u00bb use_row_as_full_screen_section=\u00a0\u00bbno\u00a0\u00bb type=\u00a0\u00bbfull_width\u00a0\u00bb angled_section=\u00a0\u00bbno\u00a0\u00bb text_align=\u00a0\u00bbleft\u00a0\u00bb background_image_as_pattern=\u00a0\u00bbwithout_pattern\u00a0\u00bb][vc_column width=\u00a0\u00bb2\/3&Prime;][vc_column_text]Initialement province de l\u2019empire byzantin, Chypre s\u2019en d\u00e9tacha en 1184 lorsque Isaac Comn\u00e8ne prit le pouvoir et se proclama empereur. Richard C\u0153ur de Lion se rendit en Terre sainte lors de la troisi\u00e8me croisade, s\u2019empare de l\u2019\u00eele...\" \/>\n<meta property=\"og:url\" content=\"https:\/\/www.templars-route.eu\/fr\/chypre\/\" \/>\n<meta property=\"og:site_name\" content=\"Route du patrimoine templier - Templars Route European Federation (TREF)\" \/>\n<meta property=\"article:modified_time\" content=\"2020-11-25T16:14:57+00:00\" \/>\n<meta name=\"twitter:card\" content=\"summary_large_image\" \/>\n<meta name=\"twitter:label1\" content=\"Dur\u00e9e de lecture estim\u00e9e\" \/>\n\t<meta name=\"twitter:data1\" content=\"4 minutes\" \/>\n<script type=\"application\/ld+json\" class=\"yoast-schema-graph\">{\"@context\":\"https:\/\/schema.org\",\"@graph\":[{\"@type\":\"WebPage\",\"@id\":\"https:\/\/www.templars-route.eu\/fr\/chypre\/\",\"url\":\"https:\/\/www.templars-route.eu\/fr\/chypre\/\",\"name\":\"Les Templiers \u00e0 Chypre - Route du patrimoine templier - Templars Route European Federation (TREF)\",\"isPartOf\":{\"@id\":\"https:\/\/www.templars-route.eu\/fr\/#website\"},\"datePublished\":\"2020-11-25T16:08:02+00:00\",\"dateModified\":\"2020-11-25T16:14:57+00:00\",\"breadcrumb\":{\"@id\":\"https:\/\/www.templars-route.eu\/fr\/chypre\/#breadcrumb\"},\"inLanguage\":\"fr-FR\",\"potentialAction\":[{\"@type\":\"ReadAction\",\"target\":[\"https:\/\/www.templars-route.eu\/fr\/chypre\/\"]}]},{\"@type\":\"BreadcrumbList\",\"@id\":\"https:\/\/www.templars-route.eu\/fr\/chypre\/#breadcrumb\",\"itemListElement\":[{\"@type\":\"ListItem\",\"position\":1,\"name\":\"Accueil\",\"item\":\"https:\/\/www.templars-route.eu\/fr\/\"},{\"@type\":\"ListItem\",\"position\":2,\"name\":\"Les Templiers \u00e0 Chypre\"}]},{\"@type\":\"WebSite\",\"@id\":\"https:\/\/www.templars-route.eu\/fr\/#website\",\"url\":\"https:\/\/www.templars-route.eu\/fr\/\",\"name\":\"Route du patrimoine templier - Templars Route European Federation (TREF)\",\"description\":\"Valorisation of Templar heritage in Europe\",\"potentialAction\":[{\"@type\":\"SearchAction\",\"target\":{\"@type\":\"EntryPoint\",\"urlTemplate\":\"https:\/\/www.templars-route.eu\/fr\/?s={search_term_string}\"},\"query-input\":{\"@type\":\"PropertyValueSpecification\",\"valueRequired\":true,\"valueName\":\"search_term_string\"}}],\"inLanguage\":\"fr-FR\"}]}<\/script>\n<!-- \/ Yoast SEO plugin. -->","yoast_head_json":{"title":"Les Templiers \u00e0 Chypre - Route du patrimoine templier - Templars Route European Federation (TREF)","robots":{"index":"index","follow":"follow","max-snippet":"max-snippet:-1","max-image-preview":"max-image-preview:large","max-video-preview":"max-video-preview:-1"},"canonical":"https:\/\/www.templars-route.eu\/fr\/chypre\/","og_locale":"fr_FR","og_type":"article","og_title":"Les Templiers \u00e0 Chypre - Route du patrimoine templier - Templars Route European Federation (TREF)","og_description":"[vc_row css_animation=\u00a0\u00bb\u00a0\u00bb row_type=\u00a0\u00bbrow\u00a0\u00bb use_row_as_full_screen_section=\u00a0\u00bbno\u00a0\u00bb type=\u00a0\u00bbfull_width\u00a0\u00bb angled_section=\u00a0\u00bbno\u00a0\u00bb text_align=\u00a0\u00bbleft\u00a0\u00bb background_image_as_pattern=\u00a0\u00bbwithout_pattern\u00a0\u00bb][vc_column width=\u00a0\u00bb2\/3&Prime;][vc_column_text]Initialement province de l\u2019empire byzantin, Chypre s\u2019en d\u00e9tacha en 1184 lorsque Isaac Comn\u00e8ne prit le pouvoir et se proclama empereur. Richard C\u0153ur de Lion se rendit en Terre sainte lors de la troisi\u00e8me croisade, s\u2019empare de l\u2019\u00eele...","og_url":"https:\/\/www.templars-route.eu\/fr\/chypre\/","og_site_name":"Route du patrimoine templier - Templars Route European Federation (TREF)","article_modified_time":"2020-11-25T16:14:57+00:00","twitter_card":"summary_large_image","twitter_misc":{"Dur\u00e9e de lecture estim\u00e9e":"4 minutes"},"schema":{"@context":"https:\/\/schema.org","@graph":[{"@type":"WebPage","@id":"https:\/\/www.templars-route.eu\/fr\/chypre\/","url":"https:\/\/www.templars-route.eu\/fr\/chypre\/","name":"Les Templiers \u00e0 Chypre - Route du patrimoine templier - Templars Route European Federation (TREF)","isPartOf":{"@id":"https:\/\/www.templars-route.eu\/fr\/#website"},"datePublished":"2020-11-25T16:08:02+00:00","dateModified":"2020-11-25T16:14:57+00:00","breadcrumb":{"@id":"https:\/\/www.templars-route.eu\/fr\/chypre\/#breadcrumb"},"inLanguage":"fr-FR","potentialAction":[{"@type":"ReadAction","target":["https:\/\/www.templars-route.eu\/fr\/chypre\/"]}]},{"@type":"BreadcrumbList","@id":"https:\/\/www.templars-route.eu\/fr\/chypre\/#breadcrumb","itemListElement":[{"@type":"ListItem","position":1,"name":"Accueil","item":"https:\/\/www.templars-route.eu\/fr\/"},{"@type":"ListItem","position":2,"name":"Les Templiers \u00e0 Chypre"}]},{"@type":"WebSite","@id":"https:\/\/www.templars-route.eu\/fr\/#website","url":"https:\/\/www.templars-route.eu\/fr\/","name":"Route du patrimoine templier - Templars Route European Federation (TREF)","description":"Valorisation of Templar heritage in Europe","potentialAction":[{"@type":"SearchAction","target":{"@type":"EntryPoint","urlTemplate":"https:\/\/www.templars-route.eu\/fr\/?s={search_term_string}"},"query-input":{"@type":"PropertyValueSpecification","valueRequired":true,"valueName":"search_term_string"}}],"inLanguage":"fr-FR"}]}},"_links":{"self":[{"href":"https:\/\/www.templars-route.eu\/fr\/wp-json\/wp\/v2\/pages\/17759\/"}],"collection":[{"href":"https:\/\/www.templars-route.eu\/fr\/wp-json\/wp\/v2\/pages\/"}],"about":[{"href":"https:\/\/www.templars-route.eu\/fr\/wp-json\/wp\/v2\/types\/page\/"}],"author":[{"embeddable":true,"href":"https:\/\/www.templars-route.eu\/fr\/wp-json\/wp\/v2\/users\/27\/"}],"replies":[{"embeddable":true,"href":"https:\/\/www.templars-route.eu\/fr\/wp-json\/wp\/v2\/comments\/?post=17759"}],"version-history":[{"count":5,"href":"https:\/\/www.templars-route.eu\/fr\/wp-json\/wp\/v2\/pages\/17759\/revisions\/"}],"predecessor-version":[{"id":17775,"href":"https:\/\/www.templars-route.eu\/fr\/wp-json\/wp\/v2\/pages\/17759\/revisions\/17775\/"}],"wp:attachment":[{"href":"https:\/\/www.templars-route.eu\/fr\/wp-json\/wp\/v2\/media\/?parent=17759"}],"curies":[{"name":"wp","href":"https:\/\/api.w.org\/{rel}","templated":true}]}}