{"id":15455,"date":"2018-09-13T13:53:04","date_gmt":"2018-09-13T11:53:04","guid":{"rendered":"https:\/\/www.templars-route.eu\/?page_id=15455"},"modified":"2018-09-13T14:06:08","modified_gmt":"2018-09-13T12:06:08","slug":"cathedrale-troyes","status":"publish","type":"page","link":"https:\/\/www.templars-route.eu\/fr\/cathedrale-troyes\/","title":{"rendered":"La cath\u00e9drale de Troyes"},"content":{"rendered":"<div class=\"wpb-content-wrapper\"><p>[vc_row css_animation=\u00a0\u00bb\u00a0\u00bb row_type=\u00a0\u00bbrow\u00a0\u00bb use_row_as_full_screen_section=\u00a0\u00bbno\u00a0\u00bb type=\u00a0\u00bbfull_width\u00a0\u00bb angled_section=\u00a0\u00bbno\u00a0\u00bb text_align=\u00a0\u00bbleft\u00a0\u00bb background_image_as_pattern=\u00a0\u00bbwithout_pattern\u00a0\u00bb][vc_column width=\u00a0\u00bb1\/2&Prime;][vc_column_text]De l\u2019\u00e9difice qui <strong>accueillit le concile de Troyes, en janvier 1129<\/strong>, seuls trois \u00e9l\u00e9ments architecturaux sont encore visibles dont une frise d\u00e9cor\u00e9e de palmettes situ\u00e9e dans le collat\u00e9ral sud du ch\u0153ur. La cath\u00e9drale romane a \u00e9t\u00e9 d\u00e9truite par un incendie en 1188.<\/p>\n<p>&nbsp;<\/p>\n<p>\u00c9rig\u00e9e <strong>en plus de 400 ans,<\/strong> la cath\u00e9drale Saint-Pierre et Saint-Paul illustre les \u00e9tapes du <strong>style gothique, rayonnant et flamboyant<\/strong>. De 114 m de long et 28,50 m d\u2019\u00e9l\u00e9vation, elle se caract\u00e9rise par son \u00e9l\u00e9gance, la qualit\u00e9 de ses sculptures, de ses \u0153uvres peintes, ses tapisseries et l\u2019abondance de <strong>ses vitraux class\u00e9s Monuments Historiques (1 500 m2)<\/strong>.[\/vc_column_text][\/vc_column][vc_column width=\u00a0\u00bb1\/2&Prime;][vc_video link=\u00a0\u00bbhttps:\/\/www.youtube.com\/watch?time_continue=2&amp;v=PHf9_3rjESU\u00a0\u00bb][vc_column_text]<\/p>\n<p style=\"text-align: center\">La Cath\u00e9drale de Troyes par Vir 360<\/p>\n<p>[\/vc_column_text][\/vc_column][\/vc_row][vc_row css_animation=\u00a0\u00bb\u00a0\u00bb row_type=\u00a0\u00bbrow\u00a0\u00bb use_row_as_full_screen_section=\u00a0\u00bbno\u00a0\u00bb type=\u00a0\u00bbfull_width\u00a0\u00bb angled_section=\u00a0\u00bbno\u00a0\u00bb text_align=\u00a0\u00bbleft\u00a0\u00bb background_image_as_pattern=\u00a0\u00bbwithout_pattern\u00a0\u00bb][vc_column][vc_empty_space][\/vc_column][\/vc_row][vc_row css_animation=\u00a0\u00bb\u00a0\u00bb row_type=\u00a0\u00bbrow\u00a0\u00bb use_row_as_full_screen_section=\u00a0\u00bbno\u00a0\u00bb type=\u00a0\u00bbfull_width\u00a0\u00bb angled_section=\u00a0\u00bbno\u00a0\u00bb text_align=\u00a0\u00bbleft\u00a0\u00bb background_image_as_pattern=\u00a0\u00bbwithout_pattern\u00a0\u00bb][vc_column width=\u00a0\u00bb1\/4&Prime;][vc_empty_space][vc_single_image image=\u00a0\u00bb15456&Prime; img_size=\u00a0\u00bbmedium\u00a0\u00bb qode_css_animation=\u00a0\u00bb\u00a0\u00bb][vc_column_text]<\/p>\n<p style=\"text-align: center\">D\u00e9tail d&rsquo;un vitrail de la Cath\u00e9drale de Troyes<\/p>\n<p>[\/vc_column_text][\/vc_column][vc_column width=\u00a0\u00bb3\/4&Prime;][vc_column_text]La cath\u00e9drale conserve un <strong>remarquable tr\u00e9sor<\/strong>. Il compte des \u00e9l\u00e9ments prestigieux (dont un coffret byzantin en ivoire pourpr\u00e9 du XI<sup>e<\/sup> si\u00e8cle), offerts par l\u2019\u00e9v\u00eaque de Troyes, Garnier de Tra\u00eenel, apr\u00e8s le pillage, en 1204, de Constantinople par l\u2019arm\u00e9e de la quatri\u00e8me croisade. \u00a0S\u2019y ajoutent un e<strong>nsemble exceptionnel de ch\u00e2sses<\/strong> <strong>dont celle du chef de saint Bernard de Clairvaux,<\/strong> de reliques, d\u2019\u00e9maux et autres pi\u00e8ces d\u2019orf\u00e8vrerie ainsi que les aum\u00f4ni\u00e8res des comtes de Champagne (XIII<sup>e<\/sup>-XIV<sup>e<\/sup> si\u00e8cles).<\/p>\n<p>&nbsp;<\/p>\n<p><strong>Troyes est<\/strong> <strong>une des deux villes fran\u00e7aises les plus importantes pour l&rsquo;histoire du vitrail<\/strong>. La cath\u00e9drale Saint-Pierre-et-Saint-Paul permet d\u2019en comprendre l\u2019\u00e9volution. Dans le ch\u0153ur, des vitraux du XIII<sup>e<\/sup> si\u00e8cle repr\u00e9sentent entre autres Marie, saint Jean, divers \u00e9pisodes de la Bible, les \u00e9v\u00eaques de Troyes et des personnages du Moyen \u00c2ge. Dans la nef, on remarque <em>l\u2019Arbre de Jess\u00e9<\/em> et dans le bas-c\u00f4t\u00e9 nord de la nef, le <em>Pressoir Mystique<\/em> (1625) de Linard Gonthier, c\u00e9l\u00e8bre ma\u00eetre verrier troyen.<\/p>\n<p>&nbsp;<\/p>\n<p>Les stalles du ch\u0153ur ainsi que les grandes orgues \u00e9taient install\u00e9es, avant la R\u00e9volution, \u00e0 l\u2019abbaye de Clairvaux.[\/vc_column_text][vc_empty_space][\/vc_column][\/vc_row][vc_row css_animation=\u00a0\u00bb\u00a0\u00bb row_type=\u00a0\u00bbrow\u00a0\u00bb use_row_as_full_screen_section=\u00a0\u00bbno\u00a0\u00bb type=\u00a0\u00bbfull_width\u00a0\u00bb angled_section=\u00a0\u00bbno\u00a0\u00bb text_align=\u00a0\u00bbleft\u00a0\u00bb background_image_as_pattern=\u00a0\u00bbwithout_pattern\u00a0\u00bb][vc_column width=\u00a0\u00bb1\/2&Prime;][vc_column_text]<\/p>\n<h2>Coordonn\u00e9es<\/h2>\n<p>&nbsp;<\/p>\n<p><strong>Cath\u00e9drale Saint-Pierre Saint-Paul<br \/>\n<\/strong>Place Saint-Pierre<br \/>\n10000 TROYES, France<br \/>\nTel : +33 (0) 3 25 76 98 18<br \/>\n<a href=\"mailto:cathedraledetroyes@orange.fr\" target=\"_blank\" rel=\"noopener\">cathedraledetroyes@orange.fr<\/a><br \/>\n<a href=\"http:\/\/www.cathedraledetroyes.com\">www.cathedraledetroyes.com<\/a>[\/vc_column_text][vc_empty_space][\/vc_column][vc_column width=\u00a0\u00bb1\/2&Prime;]<div id='wrap_map_69f4550fe3945' class='ultimate-map-wrapper ult-adjust-bottom-margin ' style=' height:300px;'><div id='map_69f4550fe3945' data-map_override='0' class='ultimate_google_map wpb_content_element 0' style='width:100%;height:300px;'><\/div><\/div><script type='text\/javascript'>\n\t\t\t(function($) {\n  \t\t\t'use strict';\n\t\t\tvar map_map_69f4550fe3945 = null;\n\t\t\tvar coordinate_map_69f4550fe3945;\n\t\t\tvar isDraggable = $(document).width() > 641 ? 'true' : 'true';\n\t\t\ttry\n\t\t\t{\n\t\t\t\tvar map_map_69f4550fe3945 = null;\n\t\t\t\tvar coordinate_map_69f4550fe3945;\n\t\t\t\tcoordinate_map_69f4550fe3945 = new google.maps.LatLng(48.30085, 4.080982);\n\t\t\t\tvar mapOptions=\n\t\t\t\t{\n\t\t\t\t\tzoom: 12,\n\t\t\t\t\tcenter: coordinate_map_69f4550fe3945,\n\t\t\t\t\tscaleControl: true,\n\t\t\t\t\tstreetViewControl: false,\n\t\t\t\t\tmapTypeControl: false,\n\t\t\t\t\tpanControl: false,\n\t\t\t\t\tzoomControl: false,\n\t\t\t\t\tscrollwheel: true,\n\t\t\t\t\tdraggable: isDraggable,\n\t\t\t\t\tzoomControlOptions: {\n\t\t\t\t\t\tposition: google.maps.ControlPosition.right_bottom\n\t\t\t\t\t},mapTypeId: google.maps.MapTypeId.roadmap,};var map_map_69f4550fe3945 = new google.maps.Map(document.getElementById('map_69f4550fe3945'),mapOptions);\n\t\t\t\t\t\tvar x = 'infowindow_open_value';\n\t\t\t\t\t\tvar marker_map_69f4550fe3945 = new google.maps.Marker({\n\t\t\t\t\t\tposition: new google.maps.LatLng('48.30085', '4.080982'),\n\t\t\t\t\t\tanimation:  google.maps.Animation.DROP,\n\t\t\t\t\t\tmap: map_map_69f4550fe3945,\n\t\t\t\t\t\ticon: ''\n\t\t\t\t\t});\tgoogle.maps.event.addListener(marker_map_69f4550fe3945, 'click', toggleBounce);}\n\t\t\tcatch(e){};\n\t\t\tjQuery(document).ready(function($){\n\t\t\t\tgoogle.maps.event.trigger(map_map_69f4550fe3945, 'resize');\n\t\t\t\t$(window).on('resize', function(){\n\t\t\t\t\tgoogle.maps.event.trigger(map_map_69f4550fe3945, 'resize');\n\t\t\t\t\tif(map_map_69f4550fe3945!=null)\n\t\t\t\t\t\tmap_map_69f4550fe3945.setCenter(coordinate_map_69f4550fe3945);\n\t\t\t\t});\n\t\t\t\t$('.ui-tabs').on('tabsactivate', function(event, ui) {\n\t\t\t\t   if($(this).find('.ultimate-map-wrapper').length > 0)\n\t\t\t\t\t{\n\t\t\t\t\t\tsetTimeout(function(){\n\t\t\t\t\t\t\t$(window).trigger('resize');\n\t\t\t\t\t\t},200);\n\t\t\t\t\t}\n\t\t\t\t});\n\t\t\t\t$('.ui-accordion').on('accordionactivate', function(event, ui) {\n\t\t\t\t   if($(this).find('.ultimate-map-wrapper').length > 0)\n\t\t\t\t\t{\n\t\t\t\t\t\tsetTimeout(function(){\n\t\t\t\t\t\t\t$(window).trigger('resize');\n\t\t\t\t\t\t},200);\n\t\t\t\t\t}\n\t\t\t\t});\n\t\t\t\t$(window).on('load',function(){\n\t\t\t\t\tsetTimeout(function(){\n\t\t\t\t\t\t$(window).trigger('resize');\n\t\t\t\t\t},200);\n\t\t\t\t});\n\t\t\t\t$('.ult_exp_section').on('select', function(){\n\t\t\t\t\tif($(map_map_69f4550fe3945).parents('.ult_exp_section'))\n\t\t\t\t\t{\n\t\t\t\t\t\tsetTimeout(function(){\n\t\t\t\t\t\t\t$(window).trigger('resize');\n\t\t\t\t\t\t},200);\n\t\t\t\t\t}\n\t\t\t\t});\n\t\t\t\t$(document).on('onUVCModalPopupOpen', function(){\n\t\t\t\t\tif($(map_map_69f4550fe3945).parents('.ult_modal-content'))\n\t\t\t\t\t{\n\t\t\t\t\t\tsetTimeout(function(){\n\t\t\t\t\t\t\t$(window).trigger('resize');\n\t\t\t\t\t\t},200);\n\t\t\t\t\t}\n\t\t\t\t});\n\t\t\t\t$(document).on('click','.ult_tab_li',function(){\n\t\t\t\t\t$(window).trigger('resize');\n\t\t\t\t\tsetTimeout(function(){\n\t\t\t\t\t\t$(window).trigger('resize');\n\t\t\t\t\t},200);\n\t\t\t\t});\n\t\t\t});\n\t\t\tfunction toggleBounce() {\n\t\t\t  if (marker_map_69f4550fe3945.getAnimation() != null) {\n\t\t\t\tmarker_map_69f4550fe3945.setAnimation(null);\n\t\t\t  } else {\n\t\t\t\tmarker_map_69f4550fe3945.setAnimation(google.maps.Animation.BOUNCE);\n\t\t\t  }\n\t\t\t}\n\t\t\t})(jQuery);\n\t\t\t<\/script>[\/vc_column][\/vc_row][vc_row css_animation=\u00a0\u00bb\u00a0\u00bb row_type=\u00a0\u00bbrow\u00a0\u00bb use_row_as_full_screen_section=\u00a0\u00bbno\u00a0\u00bb type=\u00a0\u00bbfull_width\u00a0\u00bb angled_section=\u00a0\u00bbno\u00a0\u00bb text_align=\u00a0\u00bbleft\u00a0\u00bb background_image_as_pattern=\u00a0\u00bbwithout_pattern\u00a0\u00bb][vc_column][vc_column_text]<\/p>\n<h2>P\u00e9riode d&rsquo;ouverture<\/h2>\n<p>&nbsp;<\/p>\n<ul>\n<li>Du lundi au samedi\u00a0: 9h30-12h30 et 14h00-17h00<\/li>\n<li>Dimanche\u00a0: 14h00-17h00<\/li>\n<\/ul>\n<p>[\/vc_column_text][vc_empty_space][\/vc_column][\/vc_row][vc_row css_animation=\u00a0\u00bb\u00a0\u00bb row_type=\u00a0\u00bbrow\u00a0\u00bb use_row_as_full_screen_section=\u00a0\u00bbno\u00a0\u00bb type=\u00a0\u00bbfull_width\u00a0\u00bb angled_section=\u00a0\u00bbno\u00a0\u00bb text_align=\u00a0\u00bbleft\u00a0\u00bb background_image_as_pattern=\u00a0\u00bbwithout_pattern\u00a0\u00bb][vc_column][vc_column_text]<\/p>\n<h2>Prestations<\/h2>\n<p>[\/vc_column_text][qode_pricing_list][qode_pricing_list_item title_tag=\u00a0\u00bbh5&Prime; title=\u00a0\u00bbVisite libre\u00a0\u00bb price=\u00a0\u00bbGratuit\u00a0\u00bb][qode_pricing_list_item title=\u00a0\u00bbVisite accompagn\u00e9e\u00a0\u00bb price=\u00a0\u00bbGratuit\u00a0\u00bb][qode_pricing_list_item title=\u00a0\u00bbVisite en famille\u00a0\u00bb price=\u00a0\u00bbGratuit\u00a0\u00bb][qode_pricing_list_item title=\u00a0\u00bbVisite spirituelle\u00a0\u00bb price=\u00a0\u00bbGratuit\u00a0\u00bb][qode_pricing_list_item title=\u00a0\u00bbRencontre musicale et spirituelle\u00a0\u00bb price=\u00a0\u00bbGratuit\u00a0\u00bb][\/qode_pricing_list][vc_empty_space][vc_column_text]<em>Plus d&rsquo;informations sur les prestations sur\u00a0<a href=\"http:\/\/www.cathedraledetroyes.com\" target=\"_blank\" rel=\"noopener\">www.cathedraledetroyes.com<\/a><\/em>[\/vc_column_text][\/vc_column][\/vc_row]<\/p>\n<\/div>","protected":false},"excerpt":{"rendered":"<p>[vc_row css_animation=\u00a0\u00bb\u00a0\u00bb row_type=\u00a0\u00bbrow\u00a0\u00bb use_row_as_full_screen_section=\u00a0\u00bbno\u00a0\u00bb type=\u00a0\u00bbfull_width\u00a0\u00bb angled_section=\u00a0\u00bbno\u00a0\u00bb text_align=\u00a0\u00bbleft\u00a0\u00bb background_image_as_pattern=\u00a0\u00bbwithout_pattern\u00a0\u00bb][vc_column width=\u00a0\u00bb1\/2&Prime;][vc_column_text]De l\u2019\u00e9difice qui accueillit le concile de Troyes, en janvier 1129, seuls trois \u00e9l\u00e9ments architecturaux sont encore visibles dont une frise d\u00e9cor\u00e9e de palmettes situ\u00e9e dans le collat\u00e9ral sud du ch\u0153ur. La cath\u00e9drale romane a \u00e9t\u00e9 d\u00e9truite&#8230;<\/p>\n","protected":false},"author":27,"featured_media":0,"parent":0,"menu_order":0,"comment_status":"closed","ping_status":"closed","template":"","meta":{"footnotes":""},"class_list":["post-15455","page","type-page","status-publish","hentry"],"yoast_head":"<!-- This site is optimized with the Yoast SEO plugin v26.6 - https:\/\/yoast.com\/wordpress\/plugins\/seo\/ -->\n<title>La cath\u00e9drale de Troyes - Route du patrimoine templier - Templars Route European Federation (TREF)<\/title>\n<meta name=\"robots\" content=\"index, follow, max-snippet:-1, max-image-preview:large, max-video-preview:-1\" \/>\n<link rel=\"canonical\" href=\"https:\/\/www.templars-route.eu\/fr\/cathedrale-troyes\/\" \/>\n<meta property=\"og:locale\" content=\"fr_FR\" \/>\n<meta property=\"og:type\" content=\"article\" \/>\n<meta property=\"og:title\" content=\"La cath\u00e9drale de Troyes - Route du patrimoine templier - Templars Route European Federation (TREF)\" \/>\n<meta property=\"og:description\" content=\"[vc_row css_animation=\u00a0\u00bb\u00a0\u00bb row_type=\u00a0\u00bbrow\u00a0\u00bb use_row_as_full_screen_section=\u00a0\u00bbno\u00a0\u00bb type=\u00a0\u00bbfull_width\u00a0\u00bb angled_section=\u00a0\u00bbno\u00a0\u00bb text_align=\u00a0\u00bbleft\u00a0\u00bb background_image_as_pattern=\u00a0\u00bbwithout_pattern\u00a0\u00bb][vc_column width=\u00a0\u00bb1\/2&Prime;][vc_column_text]De l\u2019\u00e9difice qui accueillit le concile de Troyes, en janvier 1129, seuls trois \u00e9l\u00e9ments architecturaux sont encore visibles dont une frise d\u00e9cor\u00e9e de palmettes situ\u00e9e dans le collat\u00e9ral sud du ch\u0153ur. La cath\u00e9drale romane a \u00e9t\u00e9 d\u00e9truite...\" \/>\n<meta property=\"og:url\" content=\"https:\/\/www.templars-route.eu\/fr\/cathedrale-troyes\/\" \/>\n<meta property=\"og:site_name\" content=\"Route du patrimoine templier - Templars Route European Federation (TREF)\" \/>\n<meta property=\"article:modified_time\" content=\"2018-09-13T12:06:08+00:00\" \/>\n<meta name=\"twitter:card\" content=\"summary_large_image\" \/>\n<meta name=\"twitter:label1\" content=\"Dur\u00e9e de lecture estim\u00e9e\" \/>\n\t<meta name=\"twitter:data1\" content=\"4 minutes\" \/>\n<script type=\"application\/ld+json\" class=\"yoast-schema-graph\">{\"@context\":\"https:\/\/schema.org\",\"@graph\":[{\"@type\":\"WebPage\",\"@id\":\"https:\/\/www.templars-route.eu\/fr\/cathedrale-troyes\/\",\"url\":\"https:\/\/www.templars-route.eu\/fr\/cathedrale-troyes\/\",\"name\":\"La cath\u00e9drale de Troyes - Route du patrimoine templier - Templars Route European Federation (TREF)\",\"isPartOf\":{\"@id\":\"https:\/\/www.templars-route.eu\/fr\/#website\"},\"datePublished\":\"2018-09-13T11:53:04+00:00\",\"dateModified\":\"2018-09-13T12:06:08+00:00\",\"breadcrumb\":{\"@id\":\"https:\/\/www.templars-route.eu\/fr\/cathedrale-troyes\/#breadcrumb\"},\"inLanguage\":\"fr-FR\",\"potentialAction\":[{\"@type\":\"ReadAction\",\"target\":[\"https:\/\/www.templars-route.eu\/fr\/cathedrale-troyes\/\"]}]},{\"@type\":\"BreadcrumbList\",\"@id\":\"https:\/\/www.templars-route.eu\/fr\/cathedrale-troyes\/#breadcrumb\",\"itemListElement\":[{\"@type\":\"ListItem\",\"position\":1,\"name\":\"Accueil\",\"item\":\"https:\/\/www.templars-route.eu\/fr\/\"},{\"@type\":\"ListItem\",\"position\":2,\"name\":\"La cath\u00e9drale de Troyes\"}]},{\"@type\":\"WebSite\",\"@id\":\"https:\/\/www.templars-route.eu\/fr\/#website\",\"url\":\"https:\/\/www.templars-route.eu\/fr\/\",\"name\":\"Route du patrimoine templier - Templars Route European Federation (TREF)\",\"description\":\"Valorisation of Templar heritage in Europe\",\"potentialAction\":[{\"@type\":\"SearchAction\",\"target\":{\"@type\":\"EntryPoint\",\"urlTemplate\":\"https:\/\/www.templars-route.eu\/fr\/?s={search_term_string}\"},\"query-input\":{\"@type\":\"PropertyValueSpecification\",\"valueRequired\":true,\"valueName\":\"search_term_string\"}}],\"inLanguage\":\"fr-FR\"}]}<\/script>\n<!-- \/ Yoast SEO plugin. -->","yoast_head_json":{"title":"La cath\u00e9drale de Troyes - Route du patrimoine templier - Templars Route European Federation (TREF)","robots":{"index":"index","follow":"follow","max-snippet":"max-snippet:-1","max-image-preview":"max-image-preview:large","max-video-preview":"max-video-preview:-1"},"canonical":"https:\/\/www.templars-route.eu\/fr\/cathedrale-troyes\/","og_locale":"fr_FR","og_type":"article","og_title":"La cath\u00e9drale de Troyes - Route du patrimoine templier - Templars Route European Federation (TREF)","og_description":"[vc_row css_animation=\u00a0\u00bb\u00a0\u00bb row_type=\u00a0\u00bbrow\u00a0\u00bb use_row_as_full_screen_section=\u00a0\u00bbno\u00a0\u00bb type=\u00a0\u00bbfull_width\u00a0\u00bb angled_section=\u00a0\u00bbno\u00a0\u00bb text_align=\u00a0\u00bbleft\u00a0\u00bb background_image_as_pattern=\u00a0\u00bbwithout_pattern\u00a0\u00bb][vc_column width=\u00a0\u00bb1\/2&Prime;][vc_column_text]De l\u2019\u00e9difice qui accueillit le concile de Troyes, en janvier 1129, seuls trois \u00e9l\u00e9ments architecturaux sont encore visibles dont une frise d\u00e9cor\u00e9e de palmettes situ\u00e9e dans le collat\u00e9ral sud du ch\u0153ur. La cath\u00e9drale romane a \u00e9t\u00e9 d\u00e9truite...","og_url":"https:\/\/www.templars-route.eu\/fr\/cathedrale-troyes\/","og_site_name":"Route du patrimoine templier - Templars Route European Federation (TREF)","article_modified_time":"2018-09-13T12:06:08+00:00","twitter_card":"summary_large_image","twitter_misc":{"Dur\u00e9e de lecture estim\u00e9e":"4 minutes"},"schema":{"@context":"https:\/\/schema.org","@graph":[{"@type":"WebPage","@id":"https:\/\/www.templars-route.eu\/fr\/cathedrale-troyes\/","url":"https:\/\/www.templars-route.eu\/fr\/cathedrale-troyes\/","name":"La cath\u00e9drale de Troyes - Route du patrimoine templier - Templars Route European Federation (TREF)","isPartOf":{"@id":"https:\/\/www.templars-route.eu\/fr\/#website"},"datePublished":"2018-09-13T11:53:04+00:00","dateModified":"2018-09-13T12:06:08+00:00","breadcrumb":{"@id":"https:\/\/www.templars-route.eu\/fr\/cathedrale-troyes\/#breadcrumb"},"inLanguage":"fr-FR","potentialAction":[{"@type":"ReadAction","target":["https:\/\/www.templars-route.eu\/fr\/cathedrale-troyes\/"]}]},{"@type":"BreadcrumbList","@id":"https:\/\/www.templars-route.eu\/fr\/cathedrale-troyes\/#breadcrumb","itemListElement":[{"@type":"ListItem","position":1,"name":"Accueil","item":"https:\/\/www.templars-route.eu\/fr\/"},{"@type":"ListItem","position":2,"name":"La cath\u00e9drale de Troyes"}]},{"@type":"WebSite","@id":"https:\/\/www.templars-route.eu\/fr\/#website","url":"https:\/\/www.templars-route.eu\/fr\/","name":"Route du patrimoine templier - Templars Route European Federation (TREF)","description":"Valorisation of Templar heritage in Europe","potentialAction":[{"@type":"SearchAction","target":{"@type":"EntryPoint","urlTemplate":"https:\/\/www.templars-route.eu\/fr\/?s={search_term_string}"},"query-input":{"@type":"PropertyValueSpecification","valueRequired":true,"valueName":"search_term_string"}}],"inLanguage":"fr-FR"}]}},"_links":{"self":[{"href":"https:\/\/www.templars-route.eu\/fr\/wp-json\/wp\/v2\/pages\/15455\/"}],"collection":[{"href":"https:\/\/www.templars-route.eu\/fr\/wp-json\/wp\/v2\/pages\/"}],"about":[{"href":"https:\/\/www.templars-route.eu\/fr\/wp-json\/wp\/v2\/types\/page\/"}],"author":[{"embeddable":true,"href":"https:\/\/www.templars-route.eu\/fr\/wp-json\/wp\/v2\/users\/27\/"}],"replies":[{"embeddable":true,"href":"https:\/\/www.templars-route.eu\/fr\/wp-json\/wp\/v2\/comments\/?post=15455"}],"version-history":[{"count":0,"href":"https:\/\/www.templars-route.eu\/fr\/wp-json\/wp\/v2\/pages\/15455\/revisions\/"}],"wp:attachment":[{"href":"https:\/\/www.templars-route.eu\/fr\/wp-json\/wp\/v2\/media\/?parent=15455"}],"curies":[{"name":"wp","href":"https:\/\/api.w.org\/{rel}","templated":true}]}}