{"id":18738,"date":"2020-12-23T12:12:48","date_gmt":"2020-12-23T11:12:48","guid":{"rendered":"https:\/\/www.templars-route.eu\/gente-grande\/"},"modified":"2020-12-23T12:17:22","modified_gmt":"2020-12-23T11:17:22","slug":"gente-grande","status":"publish","type":"page","link":"https:\/\/www.templars-route.eu\/es\/gente-grande\/","title":{"rendered":"GENTE GRANDE"},"content":{"rendered":"<div class=\"wpb-content-wrapper\">\t\t<div data-elementor-type=\"wp-page\" data-elementor-id=\"18738\" class=\"elementor elementor-18738\">\n\t\t\t\t\t\t<section class=\"elementor-section elementor-top-section elementor-element elementor-element-3a76204b elementor-section-boxed elementor-section-height-default elementor-section-height-default\" data-id=\"3a76204b\" data-element_type=\"section\" data-e-type=\"section\">\n\t\t\t\t\t\t<div class=\"elementor-container elementor-column-gap-default\">\n\t\t\t\t\t<div class=\"elementor-column elementor-col-100 elementor-top-column elementor-element elementor-element-b8b85f2\" data-id=\"b8b85f2\" data-element_type=\"column\" data-e-type=\"column\">\n\t\t\t<div class=\"elementor-widget-wrap elementor-element-populated\">\n\t\t\t\t\t\t<div class=\"elementor-element elementor-element-2135389a elementor-widget elementor-widget-text-editor\" data-id=\"2135389a\" data-element_type=\"widget\" data-e-type=\"widget\" data-widget_type=\"text-editor.default\">\n\t\t\t\t<div class=\"elementor-widget-container\">\n\t\t\t\t\t\t\t\t\t<p>[vc_row css_animation=&#8221;&#8221; row_type=&#8221;row&#8221; use_row_as_full_screen_section=&#8221;no&#8221; type=&#8221;full_width&#8221; angled_section=&#8221;no&#8221; text_align=&#8221;left&#8221; background_image_as_pattern=&#8221;without_pattern&#8221;][vc_column][vc_column_text]<\/p>\n<h3>El Consejo de Troyes y el gobierno de los Caballeros Templarios<\/h3>\n<p>[\/vc_column_text][\/vc_column][\/vc_row][vc_row css_animation=&#8221;&#8221; row_type=&#8221;row&#8221; use_row_as_full_screen_section=&#8221;no&#8221; type=&#8221;full_width&#8221; angled_section=&#8221;no&#8221; text_align=&#8221;left&#8221; background_image_as_pattern=&#8221;without_pattern&#8221;][vc_column][vc_column_text]<\/p>\n<div align=\"justify\">\n<p>El Concilio que se inaugur\u00f3 en la Catedral de Troyes el 13 de enero de 1129 estableci\u00f3 la regla de la Orden del Temple, haciendo oficial la primera orden religiosa y militar de la cristiandad. Al regresar de Jerusal\u00e9n con algunos de sus compa\u00f1eros, Hugues de Payns moviliz\u00f3 su energ\u00eda para obtener el reconocimiento del innovador estatus de &#8220;monje soldado&#8221; que hab\u00eda creado en la Ciudad Santa. Entre el apoyo religioso y pol\u00edtico que busc\u00f3, el del Papa Honorio II fue decisivo. Prometi\u00f3 a Hughes que convocar\u00eda un consejo provincial para dar una regla de vida a la nueva comunidad. El concilio abri\u00f3 en la catedral de Troyes el 13 de enero de 1129, y la elecci\u00f3n de Troyes no debe nada al azar. Hugues de Payns encontr\u00f3 un eco natural en su Champagne natal, con el conde Thibaud II y su aristocracia. Sobre todo, logr\u00f3 convencer al abad Bernardo de Claraval de los m\u00e9ritos de la doble vocaci\u00f3n religiosa y militar de la orden. El 13 de enero de 1129, bajo la autoridad del legado del Papa, Mathieu d&#8217;Albano, y en torno a Bernardo de Claraval, la figura m\u00e1s influyente de la asamblea, se reunieron los prelados m\u00e1s importantes de las provincias eclesi\u00e1sticas de Sens y Reims: los arzobispos (Reims y Sens), los obispos (Chartres, Soissons, Par\u00eds, Troyes, Orl\u00e9ans, Ch\u00e2lons, Laon, Beauvais), los abades (Clairvaux, C\u00eeteaux, V\u00e9zelay, Pontigny, Trois-Fontaines, Saint-Denis de Reims, Saint-\u00c9tienne de Dijon y Molesme). Tambi\u00e9n est\u00e1n presentes algunos laicos: el Conde de Champagne Thibaud II con su senescal Andr\u00e9 de Baudement, as\u00ed como el Conde de Nevers, William II.<\/p>\n<\/div>\n<p>[\/vc_column_text][vc_empty_space][\/vc_column][\/vc_row][vc_row css_animation=&#8221;&#8221; row_type=&#8221;row&#8221; use_row_as_full_screen_section=&#8221;no&#8221; type=&#8221;full_width&#8221; angled_section=&#8221;no&#8221; text_align=&#8221;left&#8221; background_image_as_pattern=&#8221;without_pattern&#8221;][vc_column width=&#8221;1\/2&#8243;][vc_empty_space][vc_column_text]<\/p>\n<div align=\"justify\">Adoptada al final del concilio, la regla primitiva, inspirada en la regla de San Benito, incluye 71 art\u00edculos en lat\u00edn que definen la vida de los Templarios, tanto monjes como guerreros. Los primeros art\u00edculos tratan del valor, la disciplina y la humildad, sus cualidades esenciales y primordiales. R\u00e1pidamente traducida al franc\u00e9s, la regla se enriquece con nuevos art\u00edculos para resolver mejor los problemas cotidianos de su vida comunitaria.<\/div>\n<p>[\/vc_column_text][\/vc_column][vc_column width=&#8221;1\/2&#8243;][vc_single_image image=&#8221;15114&#8243; img_size=&#8221;medium&#8221; alignment=&#8221;center&#8221; qode_css_animation=&#8221;&#8221;][\/vc_column][\/vc_row][vc_row css_animation=&#8221;&#8221; row_type=&#8221;row&#8221; use_row_as_full_screen_section=&#8221;no&#8221; type=&#8221;full_width&#8221; angled_section=&#8221;no&#8221; text_align=&#8221;left&#8221; background_image_as_pattern=&#8221;without_pattern&#8221;][vc_column][vc_empty_space][vc_column_text]<\/p>\n<h3>En alabanza a la nueva caballer\u00eda<\/h3>\n<p>[\/vc_column_text][\/vc_column][\/vc_row][vc_row css_animation=&#8221;&#8221; row_type=&#8221;row&#8221; use_row_as_full_screen_section=&#8221;no&#8221; type=&#8221;full_width&#8221; angled_section=&#8221;no&#8221; text_align=&#8221;left&#8221; background_image_as_pattern=&#8221;without_pattern&#8221;][vc_column][vc_column_text]<\/p>\n<div align=\"justify\">A petici\u00f3n de Hugues de Payns, Bernard de Clairvaux escribi\u00f3 De laudae novae militiae o Elogio de la Nueva Caballer\u00eda, para legitimar la doble vocaci\u00f3n, religiosa y militar, de Hugues de Payns y sus compa\u00f1eros. En ella afirma que la protecci\u00f3n indispensable de los Lugares Santos y de los cristianos justifica la guerra contra sus agresores, infieles movidos por el &#8220;Maligno&#8221;, de ah\u00ed el t\u00e9rmino &#8220;maligno&#8221;, utilizado para describir el asesinato perpetrado por un Templario.<\/div>\n<blockquote>\n<div style=\"padding-left: 60px;\" align=\"justify\">&#8220;Repito, el caballero de Cristo da la muerte con seguridad y la recibe con a\u00fan mayor seguridad. Si muere, es por su propio bien, si mata, es por Cristo&#8230;. Al matar a un criminal, no act\u00faa como un asesino, sino, me atrevo a decirlo, como un malvado&#8230;. No es que sea necesario, adem\u00e1s, masacrar a los paganos, si hubiera otra manera de evitar que acosen y opriman demasiado a los cristianos. Pero es mejor, de todos modos, matarlos que dejar que el cetro de los pecadores caiga sobre la parte de los justos a riesgo, para los justos, de tender su mano a la iniquidad&#8221;.<\/div>\n<\/blockquote>\n<p>[\/vc_column_text][\/vc_column][\/vc_row]<\/p>\n\t\t\t\t\t\t\t\t<\/div>\n\t\t\t\t<\/div>\n\t\t\t\t\t<\/div>\n\t\t<\/div>\n\t\t\t\t\t<\/div>\n\t\t<\/section>\n\t\t\t\t<section class=\"elementor-section elementor-top-section elementor-element elementor-element-d802849 elementor-section-boxed elementor-section-height-default elementor-section-height-default\" data-id=\"d802849\" data-element_type=\"section\" data-e-type=\"section\">\n\t\t\t\t\t\t<div class=\"elementor-container elementor-column-gap-default\">\n\t\t\t\t\t<div class=\"elementor-column elementor-col-100 elementor-top-column elementor-element elementor-element-7f32412\" data-id=\"7f32412\" data-element_type=\"column\" data-e-type=\"column\">\n\t\t\t<div class=\"elementor-widget-wrap elementor-element-populated\">\n\t\t\t\t\t\t<div class=\"elementor-element elementor-element-043a485 elementor-widget elementor-widget-spacer\" data-id=\"043a485\" data-element_type=\"widget\" data-e-type=\"widget\" data-widget_type=\"spacer.default\">\n\t\t\t\t<div class=\"elementor-widget-container\">\n\t\t\t\t\t\t\t<div class=\"elementor-spacer\">\n\t\t\t<div class=\"elementor-spacer-inner\"><\/div>\n\t\t<\/div>\n\t\t\t\t\t\t<\/div>\n\t\t\t\t<\/div>\n\t\t\t\t\t<\/div>\n\t\t<\/div>\n\t\t\t\t\t<\/div>\n\t\t<\/section>\n\t\t\t\t<section class=\"elementor-section elementor-top-section elementor-element elementor-element-7af9c20 elementor-section-boxed elementor-section-height-default elementor-section-height-default\" data-id=\"7af9c20\" data-element_type=\"section\" data-e-type=\"section\">\n\t\t\t\t\t\t<div class=\"elementor-container elementor-column-gap-default\">\n\t\t\t\t\t<div class=\"elementor-column elementor-col-33 elementor-top-column elementor-element elementor-element-eb77919\" data-id=\"eb77919\" data-element_type=\"column\" data-e-type=\"column\">\n\t\t\t<div class=\"elementor-widget-wrap elementor-element-populated\">\n\t\t\t\t\t\t<div class=\"elementor-element elementor-element-6fa12e4 elementor-align-center elementor-widget elementor-widget-button\" data-id=\"6fa12e4\" data-element_type=\"widget\" data-e-type=\"widget\" data-widget_type=\"button.default\">\n\t\t\t\t<div class=\"elementor-widget-container\">\n\t\t\t\t\t\t\t\t\t<div class=\"elementor-button-wrapper\">\n\t\t\t\t\t<a class=\"elementor-button elementor-button-link elementor-size-md\" href=\"https:\/\/www.templars-route.eu\/es\/la-historia-de-los-templarios\/\">\n\t\t\t\t\t\t<span class=\"elementor-button-content-wrapper\">\n\t\t\t\t\t\t\t\t\t<span class=\"elementor-button-text\">LA HISTORIA DE LOS TEMPLARIOS<\/span>\n\t\t\t\t\t<\/span>\n\t\t\t\t\t<\/a>\n\t\t\t\t<\/div>\n\t\t\t\t\t\t\t\t<\/div>\n\t\t\t\t<\/div>\n\t\t\t\t\t<\/div>\n\t\t<\/div>\n\t\t\t\t<div class=\"elementor-column elementor-col-33 elementor-top-column elementor-element elementor-element-2993e57\" data-id=\"2993e57\" data-element_type=\"column\" data-e-type=\"column\">\n\t\t\t<div class=\"elementor-widget-wrap elementor-element-populated\">\n\t\t\t\t\t\t<div class=\"elementor-element elementor-element-a286389 elementor-align-center elementor-widget elementor-widget-button\" data-id=\"a286389\" data-element_type=\"widget\" data-e-type=\"widget\" data-widget_type=\"button.default\">\n\t\t\t\t<div class=\"elementor-widget-container\">\n\t\t\t\t\t\t\t\t\t<div class=\"elementor-button-wrapper\">\n\t\t\t\t\t<a class=\"elementor-button elementor-button-link elementor-size-md\" href=\"https:\/\/www.templars-route.eu\/es\/los-grandes-personajes\/\">\n\t\t\t\t\t\t<span class=\"elementor-button-content-wrapper\">\n\t\t\t\t\t\t\t\t\t<span class=\"elementor-button-text\">GENTE GRANDE<\/span>\n\t\t\t\t\t<\/span>\n\t\t\t\t\t<\/a>\n\t\t\t\t<\/div>\n\t\t\t\t\t\t\t\t<\/div>\n\t\t\t\t<\/div>\n\t\t\t\t\t<\/div>\n\t\t<\/div>\n\t\t\t\t<div class=\"elementor-column elementor-col-33 elementor-top-column elementor-element elementor-element-6146ad4\" data-id=\"6146ad4\" data-element_type=\"column\" data-e-type=\"column\">\n\t\t\t<div class=\"elementor-widget-wrap elementor-element-populated\">\n\t\t\t\t\t\t<div class=\"elementor-element elementor-element-353451f elementor-align-center elementor-widget elementor-widget-button\" data-id=\"353451f\" data-element_type=\"widget\" data-e-type=\"widget\" data-widget_type=\"button.default\">\n\t\t\t\t<div class=\"elementor-widget-container\">\n\t\t\t\t\t\t\t\t\t<div class=\"elementor-button-wrapper\">\n\t\t\t\t\t<a class=\"elementor-button elementor-button-link elementor-size-md\" href=\"\/?page_id=15147\">\n\t\t\t\t\t\t<span class=\"elementor-button-content-wrapper\">\n\t\t\t\t\t\t\t\t\t<span class=\"elementor-button-text\">TODAS LAS HERRAMIENTAS PARA ENTENDER<\/span>\n\t\t\t\t\t<\/span>\n\t\t\t\t\t<\/a>\n\t\t\t\t<\/div>\n\t\t\t\t\t\t\t\t<\/div>\n\t\t\t\t<\/div>\n\t\t\t\t\t<\/div>\n\t\t<\/div>\n\t\t\t\t\t<\/div>\n\t\t<\/section>\n\t\t\t\t<\/div>\n\t\t<\/div>","protected":false},"excerpt":{"rendered":"<p>[vc_row css_animation=&#8221;&#8221; row_type=&#8221;row&#8221; use_row_as_full_screen_section=&#8221;no&#8221; type=&#8221;full_width&#8221; angled_section=&#8221;no&#8221; text_align=&#8221;left&#8221; background_image_as_pattern=&#8221;without_pattern&#8221;][vc_column][vc_column_text] El Consejo de Troyes y el gobierno de los Caballeros Templarios [\/vc_column_text][\/vc_column][\/vc_row][vc_row css_animation=&#8221;&#8221; row_type=&#8221;row&#8221; use_row_as_full_screen_section=&#8221;no&#8221; type=&#8221;full_width&#8221; angled_section=&#8221;no&#8221; text_align=&#8221;left&#8221; background_image_as_pattern=&#8221;without_pattern&#8221;][vc_column][vc_column_text] El Concilio que se inaugur\u00f3 en la Catedral de Troyes el 13 de enero de 1129 estableci\u00f3 la&#8230;<\/p>\n","protected":false},"author":1,"featured_media":0,"parent":0,"menu_order":0,"comment_status":"closed","ping_status":"closed","template":"","meta":{"footnotes":""},"class_list":["post-18738","page","type-page","status-publish","hentry"],"yoast_head":"<!-- This site is optimized with the Yoast SEO plugin v26.6 - https:\/\/yoast.com\/wordpress\/plugins\/seo\/ -->\n<title>GENTE GRANDE - European Templar Route<\/title>\n<meta name=\"robots\" content=\"index, follow, max-snippet:-1, max-image-preview:large, max-video-preview:-1\" \/>\n<link rel=\"canonical\" href=\"https:\/\/www.templars-route.eu\/es\/gente-grande\/\" \/>\n<meta property=\"og:locale\" content=\"es_ES\" \/>\n<meta property=\"og:type\" content=\"article\" \/>\n<meta property=\"og:title\" content=\"GENTE GRANDE - European Templar Route\" \/>\n<meta property=\"og:description\" content=\"[vc_row css_animation=&#8221;&#8221; row_type=&#8221;row&#8221; use_row_as_full_screen_section=&#8221;no&#8221; type=&#8221;full_width&#8221; angled_section=&#8221;no&#8221; text_align=&#8221;left&#8221; background_image_as_pattern=&#8221;without_pattern&#8221;][vc_column][vc_column_text] El Consejo de Troyes y el gobierno de los Caballeros Templarios [\/vc_column_text][\/vc_column][\/vc_row][vc_row css_animation=&#8221;&#8221; row_type=&#8221;row&#8221; use_row_as_full_screen_section=&#8221;no&#8221; type=&#8221;full_width&#8221; angled_section=&#8221;no&#8221; text_align=&#8221;left&#8221; background_image_as_pattern=&#8221;without_pattern&#8221;][vc_column][vc_column_text] El Concilio que se inaugur\u00f3 en la Catedral de Troyes el 13 de enero de 1129 estableci\u00f3 la...\" \/>\n<meta property=\"og:url\" content=\"https:\/\/www.templars-route.eu\/es\/gente-grande\/\" \/>\n<meta property=\"og:site_name\" content=\"European Templar Route\" \/>\n<meta property=\"article:modified_time\" content=\"2020-12-23T11:17:22+00:00\" \/>\n<meta name=\"twitter:card\" content=\"summary_large_image\" \/>\n<meta name=\"twitter:label1\" content=\"Est. reading time\" \/>\n\t<meta name=\"twitter:data1\" content=\"4 minutes\" \/>\n<script type=\"application\/ld+json\" class=\"yoast-schema-graph\">{\"@context\":\"https:\/\/schema.org\",\"@graph\":[{\"@type\":\"WebPage\",\"@id\":\"https:\/\/www.templars-route.eu\/es\/gente-grande\/\",\"url\":\"https:\/\/www.templars-route.eu\/es\/gente-grande\/\",\"name\":\"GENTE GRANDE - European Templar Route\",\"isPartOf\":{\"@id\":\"https:\/\/www.templars-route.eu\/fr\/#website\"},\"datePublished\":\"2020-12-23T11:12:48+00:00\",\"dateModified\":\"2020-12-23T11:17:22+00:00\",\"breadcrumb\":{\"@id\":\"https:\/\/www.templars-route.eu\/es\/gente-grande\/#breadcrumb\"},\"inLanguage\":\"es-ES\",\"potentialAction\":[{\"@type\":\"ReadAction\",\"target\":[\"https:\/\/www.templars-route.eu\/es\/gente-grande\/\"]}]},{\"@type\":\"BreadcrumbList\",\"@id\":\"https:\/\/www.templars-route.eu\/es\/gente-grande\/#breadcrumb\",\"itemListElement\":[{\"@type\":\"ListItem\",\"position\":1,\"name\":\"Accueil\",\"item\":\"https:\/\/www.templars-route.eu\/es\/\"},{\"@type\":\"ListItem\",\"position\":2,\"name\":\"GENTE GRANDE\"}]},{\"@type\":\"WebSite\",\"@id\":\"https:\/\/www.templars-route.eu\/fr\/#website\",\"url\":\"https:\/\/www.templars-route.eu\/fr\/\",\"name\":\"European Templar Route\",\"description\":\"Un site utilisant Mobylee\",\"potentialAction\":[{\"@type\":\"SearchAction\",\"target\":{\"@type\":\"EntryPoint\",\"urlTemplate\":\"https:\/\/www.templars-route.eu\/fr\/?s={search_term_string}\"},\"query-input\":{\"@type\":\"PropertyValueSpecification\",\"valueRequired\":true,\"valueName\":\"search_term_string\"}}],\"inLanguage\":\"es-ES\"}]}<\/script>\n<!-- \/ Yoast SEO plugin. -->","yoast_head_json":{"title":"GENTE GRANDE - European Templar Route","robots":{"index":"index","follow":"follow","max-snippet":"max-snippet:-1","max-image-preview":"max-image-preview:large","max-video-preview":"max-video-preview:-1"},"canonical":"https:\/\/www.templars-route.eu\/es\/gente-grande\/","og_locale":"es_ES","og_type":"article","og_title":"GENTE GRANDE - European Templar Route","og_description":"[vc_row css_animation=&#8221;&#8221; row_type=&#8221;row&#8221; use_row_as_full_screen_section=&#8221;no&#8221; type=&#8221;full_width&#8221; angled_section=&#8221;no&#8221; text_align=&#8221;left&#8221; background_image_as_pattern=&#8221;without_pattern&#8221;][vc_column][vc_column_text] El Consejo de Troyes y el gobierno de los Caballeros Templarios [\/vc_column_text][\/vc_column][\/vc_row][vc_row css_animation=&#8221;&#8221; row_type=&#8221;row&#8221; use_row_as_full_screen_section=&#8221;no&#8221; type=&#8221;full_width&#8221; angled_section=&#8221;no&#8221; text_align=&#8221;left&#8221; background_image_as_pattern=&#8221;without_pattern&#8221;][vc_column][vc_column_text] El Concilio que se inaugur\u00f3 en la Catedral de Troyes el 13 de enero de 1129 estableci\u00f3 la...","og_url":"https:\/\/www.templars-route.eu\/es\/gente-grande\/","og_site_name":"European Templar Route","article_modified_time":"2020-12-23T11:17:22+00:00","twitter_card":"summary_large_image","twitter_misc":{"Est. reading time":"4 minutes"},"schema":{"@context":"https:\/\/schema.org","@graph":[{"@type":"WebPage","@id":"https:\/\/www.templars-route.eu\/es\/gente-grande\/","url":"https:\/\/www.templars-route.eu\/es\/gente-grande\/","name":"GENTE GRANDE - European Templar Route","isPartOf":{"@id":"https:\/\/www.templars-route.eu\/fr\/#website"},"datePublished":"2020-12-23T11:12:48+00:00","dateModified":"2020-12-23T11:17:22+00:00","breadcrumb":{"@id":"https:\/\/www.templars-route.eu\/es\/gente-grande\/#breadcrumb"},"inLanguage":"es-ES","potentialAction":[{"@type":"ReadAction","target":["https:\/\/www.templars-route.eu\/es\/gente-grande\/"]}]},{"@type":"BreadcrumbList","@id":"https:\/\/www.templars-route.eu\/es\/gente-grande\/#breadcrumb","itemListElement":[{"@type":"ListItem","position":1,"name":"Accueil","item":"https:\/\/www.templars-route.eu\/es\/"},{"@type":"ListItem","position":2,"name":"GENTE GRANDE"}]},{"@type":"WebSite","@id":"https:\/\/www.templars-route.eu\/fr\/#website","url":"https:\/\/www.templars-route.eu\/fr\/","name":"European Templar Route","description":"Un site utilisant Mobylee","potentialAction":[{"@type":"SearchAction","target":{"@type":"EntryPoint","urlTemplate":"https:\/\/www.templars-route.eu\/fr\/?s={search_term_string}"},"query-input":{"@type":"PropertyValueSpecification","valueRequired":true,"valueName":"search_term_string"}}],"inLanguage":"es-ES"}]}},"_links":{"self":[{"href":"https:\/\/www.templars-route.eu\/es\/wp-json\/wp\/v2\/pages\/18738\/"}],"collection":[{"href":"https:\/\/www.templars-route.eu\/es\/wp-json\/wp\/v2\/pages\/"}],"about":[{"href":"https:\/\/www.templars-route.eu\/es\/wp-json\/wp\/v2\/types\/page\/"}],"author":[{"embeddable":true,"href":"https:\/\/www.templars-route.eu\/es\/wp-json\/wp\/v2\/users\/1\/"}],"replies":[{"embeddable":true,"href":"https:\/\/www.templars-route.eu\/es\/wp-json\/wp\/v2\/comments\/?post=18738"}],"version-history":[{"count":2,"href":"https:\/\/www.templars-route.eu\/es\/wp-json\/wp\/v2\/pages\/18738\/revisions\/"}],"predecessor-version":[{"id":18741,"href":"https:\/\/www.templars-route.eu\/es\/wp-json\/wp\/v2\/pages\/18738\/revisions\/18741\/"}],"wp:attachment":[{"href":"https:\/\/www.templars-route.eu\/es\/wp-json\/wp\/v2\/media\/?parent=18738"}],"curies":[{"name":"wp","href":"https:\/\/api.w.org\/{rel}","templated":true}]}}